{"id":149489,"date":"2025-01-29T18:09:55","date_gmt":"2025-01-29T18:09:55","guid":{"rendered":"https:\/\/www.karlforsbergphoto.com\/portfolio\/"},"modified":"2025-03-28T10:27:59","modified_gmt":"2025-03-28T10:27:59","slug":"portfolio-sv","status":"publish","type":"page","link":"https:\/\/www.karlforsbergphoto.com\/sv\/jobb\/portfolio-sv\/","title":{"rendered":"Portfolio \u00f6versikt"},"content":{"rendered":"<div class=\"wpb-content-wrapper\"><p>[vc_row row_height_percent=&#8221;0&#8243; override_padding=&#8221;yes&#8221; h_padding=&#8221;3&#8243; top_padding=&#8221;2&#8243; bottom_padding=&#8221;2&#8243; overlay_alpha=&#8221;50&#8243; gutter_size=&#8221;4&#8243; column_width_percent=&#8221;100&#8243; shift_y=&#8221;0&#8243; z_index=&#8221;0&#8243; content_parallax=&#8221;0&#8243; uncode_shortcode_id=&#8221;150444&#8243;][vc_column column_width_percent=&#8221;100&#8243; gutter_size=&#8221;2&#8243; overlay_alpha=&#8221;50&#8243; shift_x=&#8221;0&#8243; shift_y=&#8221;0&#8243; shift_y_down=&#8221;0&#8243; z_index=&#8221;0&#8243; medium_width=&#8221;0&#8243; mobile_width=&#8221;0&#8243; width=&#8221;1\/1&#8243;][vc_custom_heading text_color=&#8221;accent&#8221; heading_semantic=&#8221;h6&#8243; text_size=&#8221;h6&#8243; text_transform=&#8221;uppercase&#8221; text_space=&#8221;fontspace-205268&#8243; uncode_shortcode_id=&#8221;983488&#8243; text_color_type=&#8221;uncode-palette&#8221;]Portfolio \u00f6versikt[\/vc_custom_heading][vc_row_inner limit_content=&#8221;&#8221;][vc_column_inner column_width_percent=&#8221;100&#8243; position_horizontal=&#8221;left&#8221; gutter_size=&#8221;2&#8243; overlay_alpha=&#8221;50&#8243; shift_x=&#8221;0&#8243; shift_y=&#8221;0&#8243; shift_y_down=&#8221;0&#8243; z_index=&#8221;0&#8243; medium_width=&#8221;0&#8243; mobile_width=&#8221;0&#8243; width=&#8221;5\/12&#8243; uncode_shortcode_id=&#8221;220338&#8243; css=&#8221;.vc_custom_1739923102397{padding-right: 20px !important;}&#8221;][vc_custom_heading uncode_shortcode_id=&#8221;186955&#8243;]Det du ser \u00e4r (ungef\u00e4r) vad du f\u00e5r[\/vc_custom_heading][vc_empty_space empty_h=&#8221;1&#8243; desktop_visibility=&#8221;yes&#8221;][\/vc_column_inner][vc_column_inner column_width_percent=&#8221;100&#8243; gutter_size=&#8221;3&#8243; overlay_alpha=&#8221;50&#8243; shift_x=&#8221;0&#8243; shift_y=&#8221;0&#8243; shift_y_down=&#8221;0&#8243; z_index=&#8221;0&#8243; medium_visibility=&#8221;yes&#8221; medium_width=&#8221;0&#8243; mobile_visibility=&#8221;yes&#8221; mobile_width=&#8221;0&#8243; width=&#8221;1\/12&#8243;][\/vc_column_inner][vc_column_inner column_width_percent=&#8221;100&#8243; gutter_size=&#8221;3&#8243; overlay_alpha=&#8221;50&#8243; shift_x=&#8221;0&#8243; shift_y=&#8221;0&#8243; shift_y_down=&#8221;0&#8243; z_index=&#8221;0&#8243; medium_width=&#8221;0&#8243; mobile_visibility=&#8221;yes&#8221; mobile_width=&#8221;0&#8243; width=&#8221;6\/12&#8243; uncode_shortcode_id=&#8221;144739&#8243;][vc_column_text text_lead=&#8221;small&#8221; uncode_shortcode_id=&#8221;192508&#8243;]Varje fotograf har sin egen, personliga stil. N\u00e4r du tittar p\u00e5 min portfolio vet du ungef\u00e4r vad du kan f\u00f6rv\u00e4nta dig. Samtidigt \u00e4r jag professionell och anpassar mitt visuella spr\u00e5k f\u00f6r att matcha din projektbeskrivning och f\u00f6retagets riktlinjer \u2013 eller din personliga smak.[\/vc_column_text][\/vc_column_inner][\/vc_row_inner][\/vc_column][\/vc_row][vc_row unlock_row_content=&#8221;yes&#8221; row_height_percent=&#8221;100&#8243; override_padding=&#8221;yes&#8221; h_padding=&#8221;2&#8243; top_padding=&#8221;2&#8243; bottom_padding=&#8221;2&#8243; back_color=&#8221;color-xsdn&#8221; overlay_alpha=&#8221;100&#8243; gutter_size=&#8221;100&#8243; column_width_percent=&#8221;100&#8243; shift_y=&#8221;0&#8243; z_index=&#8221;0&#8243; top_divider=&#8221;gradient&#8221; content_parallax=&#8221;0&#8243; style=&#8221;inherited&#8221; row_name=&#8221;blog&#8221; uncode_shortcode_id=&#8221;366046&#8243; back_color_type=&#8221;uncode-palette&#8221;][vc_column column_width_percent=&#8221;100&#8243; position_vertical=&#8221;middle&#8221; gutter_size=&#8221;0&#8243; font_family=&#8221;font-846016&#8243; overlay_alpha=&#8221;50&#8243; shift_x=&#8221;0&#8243; shift_y=&#8221;0&#8243; shift_y_down=&#8221;0&#8243; z_index=&#8221;0&#8243; medium_width=&#8221;0&#8243; mobile_width=&#8221;0&#8243; width=&#8221;1\/1&#8243; uncode_shortcode_id=&#8221;702823&#8243;][vc_gallery el_id=&#8221;gallery-2142492789-873&#8243; random=&#8221;yes&#8221; medias=&#8221;147607,147610,147604,147744,147613&#8243; explode_albums=&#8221;yes&#8221; filtering=&#8221;yes&#8221; filter_back_color=&#8221;color-xsdn&#8221; filtering_position=&#8221;center&#8221; filter_mobile=&#8221;yes&#8221; gutter_size=&#8221;3&#8243; media_items=&#8221;media|lightbox|original&#8221; screen_lg=&#8221;1000&#8243; screen_md=&#8221;600&#8243; screen_sm=&#8221;480&#8243; single_overlay_color=&#8221;color-jevc&#8221; single_overlay_opacity=&#8221;39&#8243; single_text_visible=&#8221;yes&#8221; single_text_anim=&#8221;no&#8221; single_image_magnetic=&#8221;yes&#8221; single_h_align=&#8221;center&#8221; single_padding=&#8221;0&#8243; single_title_semantic=&#8221;h4&#8243; single_title_weight=&#8221;500&#8243; single_title_transform=&#8221;uppercase&#8221; single_title_height=&#8221;fontheight-153443&#8243; single_title_space=&#8221;fontspace-119573&#8243; single_icon=&#8221;fa fa-search&#8221; single_border=&#8221;yes&#8221; lbox_skin=&#8221;white&#8221; lbox_transparency=&#8221;opaque&#8221; lbox_deep=&#8221;yes&#8221; lbox_actual_size=&#8221;yes&#8221; lbox_full=&#8221;yes&#8221; lbox_counter=&#8221;yes&#8221; sticky_scroll_v_align=&#8221;middle&#8221; horizontal_th_size=&#8221;vh&#8221; uncode_shortcode_id=&#8221;204881&#8243; filter_back_color_type=&#8221;uncode-palette&#8221;][\/vc_column][\/vc_row][vc_row][vc_column width=&#8221;1\/1&#8243;][vc_separator sep_color=&#8221;,Default&#8221;][\/vc_column][\/vc_row][vc_row row_height_percent=&#8221;0&#8243; override_padding=&#8221;yes&#8221; h_padding=&#8221;2&#8243; top_padding=&#8221;2&#8243; bottom_padding=&#8221;3&#8243; back_color=&#8221;color-xsdn&#8221; overlay_alpha=&#8221;50&#8243; gutter_size=&#8221;3&#8243; column_width_percent=&#8221;100&#8243; border_color=&#8221;color-gyho&#8221; border_style=&#8221;solid&#8221; shift_y=&#8221;0&#8243; z_index=&#8221;0&#8243; content_parallax=&#8221;0&#8243; css=&#8221;.vc_custom_1738169465339{border-top-width: 0px !important;}&#8221; uncode_shortcode_id=&#8221;611338&#8243; border_color_type=&#8221;uncode-palette&#8221; back_color_type=&#8221;uncode-palette&#8221;][vc_column column_width_percent=&#8221;100&#8243; align_horizontal=&#8221;align_center&#8221; gutter_size=&#8221;3&#8243; overlay_alpha=&#8221;50&#8243; shift_x=&#8221;0&#8243; shift_y=&#8221;0&#8243; shift_y_down=&#8221;0&#8243; z_index=&#8221;0&#8243; medium_width=&#8221;0&#8243; mobile_width=&#8221;0&#8243; width=&#8221;1\/1&#8243; uncode_shortcode_id=&#8221;627383&#8243;][vc_custom_heading text_color=&#8221;accent&#8221; heading_semantic=&#8221;h4&#8243; text_size=&#8221;h6&#8243; text_transform=&#8221;uppercase&#8221; text_space=&#8221;fontspace-205268&#8243; uncode_shortcode_id=&#8221;543948&#8243; text_color_type=&#8221;uncode-palette&#8221;]Utvalda kundcase[\/vc_custom_heading][vc_empty_space empty_h=&#8221;1&#8243;][uncode_index el_id=&#8221;index-396293&#8243; index_type=&#8221;carousel&#8221; loop=&#8221;size:10|order_by:date|post_type:portfolio|taxonomy_count:10&#8243; auto_query=&#8221;yes&#8221; carousel_lg=&#8221;3&#8243; carousel_md=&#8221;2&#8243; carousel_sm=&#8221;1&#8243; thumb_size=&#8221;three-two&#8221; gutter_size=&#8221;3&#8243; post_items=&#8221;media|featured|onpost|original,title&#8221; portfolio_items=&#8221;media|featured|onpost|original,title,icon|sm&#8221; carousel_interval=&#8221;0&#8243; carousel_navspeed=&#8221;400&#8243; carousel_loop=&#8221;yes&#8221; carousel_dots=&#8221;yes&#8221; carousel_dots_mobile=&#8221;yes&#8221; stage_padding=&#8221;0&#8243; single_overlay_color=&#8221;color-jevc&#8221; single_overlay_opacity=&#8221;20&#8243; single_text_anim=&#8221;no&#8221; single_image_anim=&#8221;no&#8221; single_padding=&#8221;2&#8243; single_title_dimension=&#8221;h4&#8243; single_title_weight=&#8221;500&#8243; single_border=&#8221;yes&#8221; single_animation_first=&#8221;yes&#8221; uncode_shortcode_id=&#8221;277205&#8243; single_icon=&#8221;fa fa-plus2&#8243;][\/vc_column][\/vc_row][vc_row row_height_percent=&#8221;50&#8243; override_padding=&#8221;yes&#8221; h_padding=&#8221;2&#8243; top_padding=&#8221;5&#8243; bottom_padding=&#8221;5&#8243; back_color=&#8221;color-wayh&#8221; back_image=&#8221;148606&#8243; parallax=&#8221;yes&#8221; overlay_color=&#8221;color-wayh&#8221; overlay_alpha=&#8221;50&#8243; gutter_size=&#8221;100&#8243; column_width_percent=&#8221;100&#8243; shift_y=&#8221;0&#8243; z_index=&#8221;0&#8243; top_divider=&#8221;gradient&#8221; content_parallax=&#8221;0&#8243; style=&#8221;inherited&#8221; uncode_shortcode_id=&#8221;187684&#8243; back_color_type=&#8221;uncode-palette&#8221; overlay_color_type=&#8221;uncode-palette&#8221;][vc_column column_width_use_pixel=&#8221;yes&#8221; position_horizontal=&#8221;left&#8221; position_vertical=&#8221;middle&#8221; gutter_size=&#8221;2&#8243; style=&#8221;dark&#8221; overlay_alpha=&#8221;100&#8243; shift_x=&#8221;0&#8243; shift_y=&#8221;0&#8243; shift_y_down=&#8221;0&#8243; z_index=&#8221;0&#8243; medium_width=&#8221;0&#8243; mobile_width=&#8221;0&#8243; zoom_width=&#8221;0&#8243; zoom_height=&#8221;0&#8243; width=&#8221;1\/1&#8243; column_width_pixel=&#8221;900&#8243; uncode_shortcode_id=&#8221;718814&#8243;][vc_custom_heading heading_semantic=&#8221;h3&#8243; uncode_shortcode_id=&#8221;831101&#8243;]Autentiska corporate lifestyle-fotograferingar[\/vc_custom_heading][vc_column_text uncode_shortcode_id=&#8221;115238&#8243;]Du, er personal, i era lokaler: Jag g\u00f6r bilder som f\u00f6rmedlar f\u00f6rtroende.[\/vc_column_text][vc_empty_space empty_h=&#8221;1&#8243;][vc_button outline=&#8221;yes&#8221; text_skin=&#8221;yes&#8221; border_width=&#8221;0&#8243; link=&#8221;url:mailto%3Akarl%40karlforsbergphoto.com|target:_blank|&#8221; uncode_shortcode_id=&#8221;448989&#8243; icon=&#8221;fa fa-envelope-o&#8221;]Kontakta mig[\/vc_button][\/vc_column][\/vc_row]<\/p>\n<\/div>","protected":false},"excerpt":{"rendered":"<p>[vc_row row_height_percent=&#8221;0&#8243; override_padding=&#8221;yes&#8221; h_padding=&#8221;3&#8243; top_padding=&#8221;2&#8243; bottom_padding=&#8221;2&#8243; overlay_alpha=&#8221;50&#8243; gutter_size=&#8221;4&#8243; column_width_percent=&#8221;100&#8243; shift_y=&#8221;0&#8243; z_index=&#8221;0&#8243; content_parallax=&#8221;0&#8243; uncode_shortcode_id=&#8221;150444&#8243;][vc_column column_width_percent=&#8221;100&#8243; gutter_size=&#8221;2&#8243; overlay_alpha=&#8221;50&#8243; shift_x=&#8221;0&#8243; shift_y=&#8221;0&#8243; shift_y_down=&#8221;0&#8243; z_index=&#8221;0&#8243; [&hellip;]<\/p>\n","protected":false},"author":1,"featured_media":0,"parent":149551,"menu_order":0,"comment_status":"closed","ping_status":"closed","template":"","meta":{"footnotes":""},"class_list":["post-149489","page","type-page","status-publish","hentry","page_category-jobb","page_category-portfolio-oversikt"],"yoast_head":"<!-- This site is optimized with the Yoast SEO plugin v27.0 - https:\/\/yoast.com\/product\/yoast-seo-wordpress\/ -->\n<title>Portfolio \u00f6versikt - Karl Forsberg Photography<\/title>\n<meta name=\"robots\" content=\"index, follow, max-snippet:-1, max-image-preview:large, max-video-preview:-1\" \/>\n<link rel=\"canonical\" href=\"https:\/\/www.karlforsbergphoto.com\/sv\/jobb\/portfolio-sv\/\" \/>\n<meta property=\"og:locale\" content=\"sv_SE\" \/>\n<meta property=\"og:type\" content=\"article\" \/>\n<meta property=\"og:title\" content=\"Portfolio \u00f6versikt - Karl Forsberg Photography\" \/>\n<meta property=\"og:description\" content=\"[vc_row row_height_percent=&#8221;0&#8243; override_padding=&#8221;yes&#8221; h_padding=&#8221;3&#8243; top_padding=&#8221;2&#8243; bottom_padding=&#8221;2&#8243; overlay_alpha=&#8221;50&#8243; gutter_size=&#8221;4&#8243; column_width_percent=&#8221;100&#8243; shift_y=&#8221;0&#8243; z_index=&#8221;0&#8243; content_parallax=&#8221;0&#8243; uncode_shortcode_id=&#8221;150444&#8243;][vc_column column_width_percent=&#8221;100&#8243; gutter_size=&#8221;2&#8243; overlay_alpha=&#8221;50&#8243; shift_x=&#8221;0&#8243; shift_y=&#8221;0&#8243; shift_y_down=&#8221;0&#8243; z_index=&#8221;0&#8243; [&hellip;]\" \/>\n<meta property=\"og:url\" content=\"https:\/\/www.karlforsbergphoto.com\/sv\/jobb\/portfolio-sv\/\" \/>\n<meta property=\"og:site_name\" content=\"Karl Forsberg Photography\" \/>\n<meta property=\"article:modified_time\" content=\"2025-03-28T10:27:59+00:00\" \/>\n<meta name=\"twitter:card\" content=\"summary_large_image\" \/>\n<meta name=\"twitter:label1\" content=\"Ber\u00e4knad l\u00e4stid\" \/>\n\t<meta name=\"twitter:data1\" content=\"2 minuter\" \/>\n<script type=\"application\/ld+json\" class=\"yoast-schema-graph\">{\"@context\":\"https:\/\/schema.org\",\"@graph\":[{\"@type\":\"WebPage\",\"@id\":\"https:\/\/www.karlforsbergphoto.com\/sv\/jobb\/portfolio-sv\/\",\"url\":\"https:\/\/www.karlforsbergphoto.com\/sv\/jobb\/portfolio-sv\/\",\"name\":\"Portfolio \u00f6versikt - Karl Forsberg Photography\",\"isPartOf\":{\"@id\":\"https:\/\/www.karlforsbergphoto.com\/sv\/#website\"},\"datePublished\":\"2025-01-29T18:09:55+00:00\",\"dateModified\":\"2025-03-28T10:27:59+00:00\",\"breadcrumb\":{\"@id\":\"https:\/\/www.karlforsbergphoto.com\/sv\/jobb\/portfolio-sv\/#breadcrumb\"},\"inLanguage\":\"sv-SE\",\"potentialAction\":[{\"@type\":\"ReadAction\",\"target\":[\"https:\/\/www.karlforsbergphoto.com\/sv\/jobb\/portfolio-sv\/\"]}]},{\"@type\":\"BreadcrumbList\",\"@id\":\"https:\/\/www.karlforsbergphoto.com\/sv\/jobb\/portfolio-sv\/#breadcrumb\",\"itemListElement\":[{\"@type\":\"ListItem\",\"position\":1,\"name\":\"Home\",\"item\":\"https:\/\/www.karlforsbergphoto.com\/sv\/start\/\"},{\"@type\":\"ListItem\",\"position\":2,\"name\":\"Jobb\",\"item\":\"https:\/\/www.karlforsbergphoto.com\/sv\/work\/\"},{\"@type\":\"ListItem\",\"position\":3,\"name\":\"Portfolio \u00f6versikt\"}]},{\"@type\":\"WebSite\",\"@id\":\"https:\/\/www.karlforsbergphoto.com\/sv\/#website\",\"url\":\"https:\/\/www.karlforsbergphoto.com\/sv\/\",\"name\":\"Karl Forsberg Photography\",\"description\":\"Portr\u00e4tt-, f\u00f6retags- och lifestyle-fotograf\",\"publisher\":{\"@id\":\"https:\/\/www.karlforsbergphoto.com\/sv\/#organization\"},\"potentialAction\":[{\"@type\":\"SearchAction\",\"target\":{\"@type\":\"EntryPoint\",\"urlTemplate\":\"https:\/\/www.karlforsbergphoto.com\/sv\/?s={search_term_string}\"},\"query-input\":{\"@type\":\"PropertyValueSpecification\",\"valueRequired\":true,\"valueName\":\"search_term_string\"}}],\"inLanguage\":\"sv-SE\"},{\"@type\":\"Organization\",\"@id\":\"https:\/\/www.karlforsbergphoto.com\/sv\/#organization\",\"name\":\"Karl Forsberg Photography\",\"url\":\"https:\/\/www.karlforsbergphoto.com\/sv\/\",\"logo\":{\"@type\":\"ImageObject\",\"inLanguage\":\"sv-SE\",\"@id\":\"https:\/\/www.karlforsbergphoto.com\/sv\/#\/schema\/logo\/image\/\",\"url\":\"https:\/\/www.karlforsberg.se\/wp-content\/uploads\/2025\/01\/web-app-manifest-512x512-1.png\",\"contentUrl\":\"https:\/\/www.karlforsberg.se\/wp-content\/uploads\/2025\/01\/web-app-manifest-512x512-1.png\",\"width\":512,\"height\":512,\"caption\":\"Karl Forsberg Photography\"},\"image\":{\"@id\":\"https:\/\/www.karlforsbergphoto.com\/sv\/#\/schema\/logo\/image\/\"},\"sameAs\":[\"https:\/\/www.instagram.com\/karlforsberg\/\"]}]}<\/script>\n<!-- \/ Yoast SEO plugin. -->","yoast_head_json":{"title":"Portfolio \u00f6versikt - Karl Forsberg Photography","robots":{"index":"index","follow":"follow","max-snippet":"max-snippet:-1","max-image-preview":"max-image-preview:large","max-video-preview":"max-video-preview:-1"},"canonical":"https:\/\/www.karlforsbergphoto.com\/sv\/jobb\/portfolio-sv\/","og_locale":"sv_SE","og_type":"article","og_title":"Portfolio \u00f6versikt - Karl Forsberg Photography","og_description":"[vc_row row_height_percent=&#8221;0&#8243; override_padding=&#8221;yes&#8221; h_padding=&#8221;3&#8243; top_padding=&#8221;2&#8243; bottom_padding=&#8221;2&#8243; overlay_alpha=&#8221;50&#8243; gutter_size=&#8221;4&#8243; column_width_percent=&#8221;100&#8243; shift_y=&#8221;0&#8243; z_index=&#8221;0&#8243; content_parallax=&#8221;0&#8243; uncode_shortcode_id=&#8221;150444&#8243;][vc_column column_width_percent=&#8221;100&#8243; gutter_size=&#8221;2&#8243; overlay_alpha=&#8221;50&#8243; shift_x=&#8221;0&#8243; shift_y=&#8221;0&#8243; shift_y_down=&#8221;0&#8243; z_index=&#8221;0&#8243; [&hellip;]","og_url":"https:\/\/www.karlforsbergphoto.com\/sv\/jobb\/portfolio-sv\/","og_site_name":"Karl Forsberg Photography","article_modified_time":"2025-03-28T10:27:59+00:00","twitter_card":"summary_large_image","twitter_misc":{"Ber\u00e4knad l\u00e4stid":"2 minuter"},"schema":{"@context":"https:\/\/schema.org","@graph":[{"@type":"WebPage","@id":"https:\/\/www.karlforsbergphoto.com\/sv\/jobb\/portfolio-sv\/","url":"https:\/\/www.karlforsbergphoto.com\/sv\/jobb\/portfolio-sv\/","name":"Portfolio \u00f6versikt - Karl Forsberg Photography","isPartOf":{"@id":"https:\/\/www.karlforsbergphoto.com\/sv\/#website"},"datePublished":"2025-01-29T18:09:55+00:00","dateModified":"2025-03-28T10:27:59+00:00","breadcrumb":{"@id":"https:\/\/www.karlforsbergphoto.com\/sv\/jobb\/portfolio-sv\/#breadcrumb"},"inLanguage":"sv-SE","potentialAction":[{"@type":"ReadAction","target":["https:\/\/www.karlforsbergphoto.com\/sv\/jobb\/portfolio-sv\/"]}]},{"@type":"BreadcrumbList","@id":"https:\/\/www.karlforsbergphoto.com\/sv\/jobb\/portfolio-sv\/#breadcrumb","itemListElement":[{"@type":"ListItem","position":1,"name":"Home","item":"https:\/\/www.karlforsbergphoto.com\/sv\/start\/"},{"@type":"ListItem","position":2,"name":"Jobb","item":"https:\/\/www.karlforsbergphoto.com\/sv\/work\/"},{"@type":"ListItem","position":3,"name":"Portfolio \u00f6versikt"}]},{"@type":"WebSite","@id":"https:\/\/www.karlforsbergphoto.com\/sv\/#website","url":"https:\/\/www.karlforsbergphoto.com\/sv\/","name":"Karl Forsberg Photography","description":"Portr\u00e4tt-, f\u00f6retags- och lifestyle-fotograf","publisher":{"@id":"https:\/\/www.karlforsbergphoto.com\/sv\/#organization"},"potentialAction":[{"@type":"SearchAction","target":{"@type":"EntryPoint","urlTemplate":"https:\/\/www.karlforsbergphoto.com\/sv\/?s={search_term_string}"},"query-input":{"@type":"PropertyValueSpecification","valueRequired":true,"valueName":"search_term_string"}}],"inLanguage":"sv-SE"},{"@type":"Organization","@id":"https:\/\/www.karlforsbergphoto.com\/sv\/#organization","name":"Karl Forsberg Photography","url":"https:\/\/www.karlforsbergphoto.com\/sv\/","logo":{"@type":"ImageObject","inLanguage":"sv-SE","@id":"https:\/\/www.karlforsbergphoto.com\/sv\/#\/schema\/logo\/image\/","url":"https:\/\/www.karlforsberg.se\/wp-content\/uploads\/2025\/01\/web-app-manifest-512x512-1.png","contentUrl":"https:\/\/www.karlforsberg.se\/wp-content\/uploads\/2025\/01\/web-app-manifest-512x512-1.png","width":512,"height":512,"caption":"Karl Forsberg Photography"},"image":{"@id":"https:\/\/www.karlforsbergphoto.com\/sv\/#\/schema\/logo\/image\/"},"sameAs":["https:\/\/www.instagram.com\/karlforsberg\/"]}]}},"_links":{"self":[{"href":"https:\/\/www.karlforsbergphoto.com\/sv\/wp-json\/wp\/v2\/pages\/149489","targetHints":{"allow":["GET"]}}],"collection":[{"href":"https:\/\/www.karlforsbergphoto.com\/sv\/wp-json\/wp\/v2\/pages"}],"about":[{"href":"https:\/\/www.karlforsbergphoto.com\/sv\/wp-json\/wp\/v2\/types\/page"}],"author":[{"embeddable":true,"href":"https:\/\/www.karlforsbergphoto.com\/sv\/wp-json\/wp\/v2\/users\/1"}],"replies":[{"embeddable":true,"href":"https:\/\/www.karlforsbergphoto.com\/sv\/wp-json\/wp\/v2\/comments?post=149489"}],"version-history":[{"count":7,"href":"https:\/\/www.karlforsbergphoto.com\/sv\/wp-json\/wp\/v2\/pages\/149489\/revisions"}],"predecessor-version":[{"id":149592,"href":"https:\/\/www.karlforsbergphoto.com\/sv\/wp-json\/wp\/v2\/pages\/149489\/revisions\/149592"}],"up":[{"embeddable":true,"href":"https:\/\/www.karlforsbergphoto.com\/sv\/wp-json\/wp\/v2\/pages\/149551"}],"wp:attachment":[{"href":"https:\/\/www.karlforsbergphoto.com\/sv\/wp-json\/wp\/v2\/media?parent=149489"}],"curies":[{"name":"wp","href":"https:\/\/api.w.org\/{rel}","templated":true}]}}