{"id":149495,"date":"2025-02-08T16:41:19","date_gmt":"2025-02-08T16:41:19","guid":{"rendered":"https:\/\/www.karlforsbergphoto.com\/om\/"},"modified":"2026-01-11T22:01:41","modified_gmt":"2026-01-11T22:01:41","slug":"om","status":"publish","type":"page","link":"https:\/\/www.karlforsbergphoto.com\/sv\/om\/","title":{"rendered":"Om"},"content":{"rendered":"<div class=\"wpb-content-wrapper\"><p>[vc_row unlock_row_content=&#8221;yes&#8221; row_height_percent=&#8221;100&#8243; override_padding=&#8221;yes&#8221; h_padding=&#8221;0&#8243; top_padding=&#8221;0&#8243; bottom_padding=&#8221;0&#8243; back_color=&#8221;color-jevc&#8221; overlay_alpha=&#8221;50&#8243; equal_height=&#8221;yes&#8221; gutter_size=&#8221;3&#8243; column_width_percent=&#8221;100&#8243; shift_y=&#8221;0&#8243; z_index=&#8221;0&#8243; changer_back_color=&#8221;yes&#8221; content_parallax=&#8221;0&#8243; uncode_shortcode_id=&#8221;451195&#8243; back_color_type=&#8221;uncode-palette&#8221;][vc_column column_width_percent=&#8221;100&#8243; gutter_size=&#8221;3&#8243; expand_height=&#8221;yes&#8221; style=&#8221;light&#8221; overlay_alpha=&#8221;50&#8243; shift_x=&#8221;0&#8243; shift_y=&#8221;0&#8243; shift_y_down=&#8221;0&#8243; z_index=&#8221;0&#8243; medium_width=&#8221;0&#8243; mobile_width=&#8221;0&#8243; width=&#8221;1\/1&#8243; uncode_shortcode_id=&#8221;104407&#8243;][vc_row_inner row_inner_height_percent=&#8221;0&#8243; overlay_alpha=&#8221;50&#8243; equal_height=&#8221;yes&#8221; gutter_size=&#8221;0&#8243; shift_y=&#8221;0&#8243; z_index=&#8221;0&#8243; limit_content=&#8221;&#8221; uncode_shortcode_id=&#8221;181921&#8243; el_class=&#8221;demo-section demo-dark-background&#8221;][vc_column_inner column_width_use_pixel=&#8221;yes&#8221; position_vertical=&#8221;bottom&#8221; gutter_size=&#8221;0&#8243; expand_height=&#8221;yes&#8221; style=&#8221;dark&#8221; back_color=&#8221;color-jevc&#8221; back_image=&#8221;149378&#8243; overlay_alpha=&#8221;50&#8243; shift_x=&#8221;0&#8243; shift_y=&#8221;0&#8243; shift_y_down=&#8221;0&#8243; z_index=&#8221;0&#8243; medium_width=&#8221;0&#8243; mobile_width=&#8221;0&#8243; width=&#8221;1\/2&#8243; mobile_height=&#8221;300&#8243; uncode_shortcode_id=&#8221;182028&#8243; back_color_type=&#8221;uncode-palette&#8221;][\/vc_column_inner][vc_column_inner column_width_percent=&#8221;70&#8243; position_vertical=&#8221;middle&#8221; gutter_size=&#8221;2&#8243; override_padding=&#8221;yes&#8221; column_padding=&#8221;2&#8243; style=&#8221;light&#8221; back_color=&#8221;color-xsdn&#8221; overlay_alpha=&#8221;50&#8243; shift_x=&#8221;0&#8243; shift_y=&#8221;0&#8243; shift_y_down=&#8221;0&#8243; z_index=&#8221;0&#8243; medium_width=&#8221;0&#8243; mobile_width=&#8221;0&#8243; width=&#8221;1\/2&#8243; uncode_shortcode_id=&#8221;187915&#8243; back_color_type=&#8221;uncode-palette&#8221;][vc_custom_heading text_color=&#8221;accent&#8221; heading_semantic=&#8221;h6&#8243; text_size=&#8221;h6&#8243; text_weight=&#8221;500&#8243; text_transform=&#8221;uppercase&#8221; text_space=&#8221;fontspace-205268&#8243; uncode_shortcode_id=&#8221;191548&#8243; text_color_type=&#8221;uncode-palette&#8221;]Om mig[\/vc_custom_heading][vc_column_text text_lead=&#8221;small&#8221; uncode_shortcode_id=&#8221;582442&#8243;]Med bakgrund som kreat\u00f6r p\u00e5 B2B-reklambyr\u00e5er har jag l\u00e5ng erfarenhet av visuell kommunikation och varum\u00e4rkesbyggande. Fotografering har samtidigt varit en del av mitt liv sedan ton\u00e5ren, och mitt professionella fokus i \u00f6ver ett decennium. <\/p>\n<p>Jag arbetar med f\u00f6retag, byr\u00e5er och professionella individer. I m\u00f6tet med m\u00e4nniskor s\u00f6ker jag det som k\u00e4nns \u00e4kta och relevant \u2013 och oms\u00e4tter det i bilder som speglar identitet, kultur och verksamhet. <\/p>\n<p>Mitt uppdrag \u00e4r att bidra till m\u00e4nskliga och trov\u00e4rdiga varum\u00e4rken genom autentiska bilder av m\u00e4nniskor i verkliga milj\u00f6er. Bilder som \u00e4r genomt\u00e4nkta, anv\u00e4ndbara och utan att k\u00e4nnas tillr\u00e4ttalagda. F\u00f6r individer handlar det om portr\u00e4tt som g\u00f6r intryck och f\u00f6rmedlar personlighet med integritet.  <\/p>\n<p>Jag \u00e4r baserad i G\u00f6teborg och arbetar i hela Sverige samt inom EU.[\/vc_column_text][vc_column_text text_lead=&#8221;small&#8221; uncode_shortcode_id=&#8221;876106&#8243;]<a href=\"mailto:karl@karlforsbergphoto.com\">karl@karlforsbergphoto.com <\/a><br \/>\n+46 70-882 50 60[\/vc_column_text][\/vc_column_inner][\/vc_row_inner][\/vc_column][\/vc_row]<\/p>\n<\/div>","protected":false},"excerpt":{"rendered":"<p>[vc_row unlock_row_content=&#8221;yes&#8221; row_height_percent=&#8221;100&#8243; override_padding=&#8221;yes&#8221; h_padding=&#8221;0&#8243; top_padding=&#8221;0&#8243; bottom_padding=&#8221;0&#8243; back_color=&#8221;color-jevc&#8221; overlay_alpha=&#8221;50&#8243; equal_height=&#8221;yes&#8221; gutter_size=&#8221;3&#8243; column_width_percent=&#8221;100&#8243; shift_y=&#8221;0&#8243; z_index=&#8221;0&#8243; changer_back_color=&#8221;yes&#8221; content_parallax=&#8221;0&#8243; uncode_shortcode_id=&#8221;451195&#8243; back_color_type=&#8221;uncode-palette&#8221;][vc_column column_width_percent=&#8221;100&#8243; gutter_size=&#8221;3&#8243; [&hellip;]<\/p>\n","protected":false},"author":1,"featured_media":0,"parent":0,"menu_order":0,"comment_status":"open","ping_status":"closed","template":"","meta":{"footnotes":""},"class_list":["post-149495","page","type-page","status-publish","hentry"],"yoast_head":"<!-- This site is optimized with the Yoast SEO plugin v27.0 - https:\/\/yoast.com\/product\/yoast-seo-wordpress\/ -->\n<title>Om - Karl Forsberg Photography<\/title>\n<meta name=\"robots\" content=\"index, follow, max-snippet:-1, max-image-preview:large, max-video-preview:-1\" \/>\n<link rel=\"canonical\" href=\"https:\/\/www.karlforsbergphoto.com\/sv\/om\/\" \/>\n<meta property=\"og:locale\" content=\"sv_SE\" \/>\n<meta property=\"og:type\" content=\"article\" \/>\n<meta property=\"og:title\" content=\"Om - Karl Forsberg Photography\" \/>\n<meta property=\"og:description\" content=\"[vc_row unlock_row_content=&#8221;yes&#8221; row_height_percent=&#8221;100&#8243; override_padding=&#8221;yes&#8221; h_padding=&#8221;0&#8243; top_padding=&#8221;0&#8243; bottom_padding=&#8221;0&#8243; back_color=&#8221;color-jevc&#8221; overlay_alpha=&#8221;50&#8243; equal_height=&#8221;yes&#8221; gutter_size=&#8221;3&#8243; column_width_percent=&#8221;100&#8243; shift_y=&#8221;0&#8243; z_index=&#8221;0&#8243; changer_back_color=&#8221;yes&#8221; content_parallax=&#8221;0&#8243; uncode_shortcode_id=&#8221;451195&#8243; back_color_type=&#8221;uncode-palette&#8221;][vc_column column_width_percent=&#8221;100&#8243; gutter_size=&#8221;3&#8243; [&hellip;]\" \/>\n<meta property=\"og:url\" content=\"https:\/\/www.karlforsbergphoto.com\/sv\/om\/\" \/>\n<meta property=\"og:site_name\" content=\"Karl Forsberg Photography\" \/>\n<meta property=\"article:modified_time\" content=\"2026-01-11T22:01:41+00:00\" \/>\n<meta name=\"twitter:card\" content=\"summary_large_image\" \/>\n<meta name=\"twitter:label1\" content=\"Ber\u00e4knad l\u00e4stid\" \/>\n\t<meta name=\"twitter:data1\" content=\"2 minuter\" \/>\n<script type=\"application\/ld+json\" class=\"yoast-schema-graph\">{\"@context\":\"https:\/\/schema.org\",\"@graph\":[{\"@type\":\"WebPage\",\"@id\":\"https:\/\/www.karlforsbergphoto.com\/sv\/om\/\",\"url\":\"https:\/\/www.karlforsbergphoto.com\/sv\/om\/\",\"name\":\"Om - Karl Forsberg Photography\",\"isPartOf\":{\"@id\":\"https:\/\/www.karlforsbergphoto.com\/sv\/#website\"},\"datePublished\":\"2025-02-08T16:41:19+00:00\",\"dateModified\":\"2026-01-11T22:01:41+00:00\",\"breadcrumb\":{\"@id\":\"https:\/\/www.karlforsbergphoto.com\/sv\/om\/#breadcrumb\"},\"inLanguage\":\"sv-SE\",\"potentialAction\":[{\"@type\":\"ReadAction\",\"target\":[\"https:\/\/www.karlforsbergphoto.com\/sv\/om\/\"]}]},{\"@type\":\"BreadcrumbList\",\"@id\":\"https:\/\/www.karlforsbergphoto.com\/sv\/om\/#breadcrumb\",\"itemListElement\":[{\"@type\":\"ListItem\",\"position\":1,\"name\":\"Home\",\"item\":\"https:\/\/www.karlforsbergphoto.com\/sv\/start\/\"},{\"@type\":\"ListItem\",\"position\":2,\"name\":\"Om\"}]},{\"@type\":\"WebSite\",\"@id\":\"https:\/\/www.karlforsbergphoto.com\/sv\/#website\",\"url\":\"https:\/\/www.karlforsbergphoto.com\/sv\/\",\"name\":\"Karl Forsberg Photography\",\"description\":\"Portr\u00e4tt-, f\u00f6retags- och lifestyle-fotograf\",\"publisher\":{\"@id\":\"https:\/\/www.karlforsbergphoto.com\/sv\/#organization\"},\"potentialAction\":[{\"@type\":\"SearchAction\",\"target\":{\"@type\":\"EntryPoint\",\"urlTemplate\":\"https:\/\/www.karlforsbergphoto.com\/sv\/?s={search_term_string}\"},\"query-input\":{\"@type\":\"PropertyValueSpecification\",\"valueRequired\":true,\"valueName\":\"search_term_string\"}}],\"inLanguage\":\"sv-SE\"},{\"@type\":\"Organization\",\"@id\":\"https:\/\/www.karlforsbergphoto.com\/sv\/#organization\",\"name\":\"Karl Forsberg Photography\",\"url\":\"https:\/\/www.karlforsbergphoto.com\/sv\/\",\"logo\":{\"@type\":\"ImageObject\",\"inLanguage\":\"sv-SE\",\"@id\":\"https:\/\/www.karlforsbergphoto.com\/sv\/#\/schema\/logo\/image\/\",\"url\":\"https:\/\/www.karlforsberg.se\/wp-content\/uploads\/2025\/01\/web-app-manifest-512x512-1.png\",\"contentUrl\":\"https:\/\/www.karlforsberg.se\/wp-content\/uploads\/2025\/01\/web-app-manifest-512x512-1.png\",\"width\":512,\"height\":512,\"caption\":\"Karl Forsberg Photography\"},\"image\":{\"@id\":\"https:\/\/www.karlforsbergphoto.com\/sv\/#\/schema\/logo\/image\/\"},\"sameAs\":[\"https:\/\/www.instagram.com\/karlforsberg\/\"]}]}<\/script>\n<!-- \/ Yoast SEO plugin. -->","yoast_head_json":{"title":"Om - Karl Forsberg Photography","robots":{"index":"index","follow":"follow","max-snippet":"max-snippet:-1","max-image-preview":"max-image-preview:large","max-video-preview":"max-video-preview:-1"},"canonical":"https:\/\/www.karlforsbergphoto.com\/sv\/om\/","og_locale":"sv_SE","og_type":"article","og_title":"Om - Karl Forsberg Photography","og_description":"[vc_row unlock_row_content=&#8221;yes&#8221; row_height_percent=&#8221;100&#8243; override_padding=&#8221;yes&#8221; h_padding=&#8221;0&#8243; top_padding=&#8221;0&#8243; bottom_padding=&#8221;0&#8243; back_color=&#8221;color-jevc&#8221; overlay_alpha=&#8221;50&#8243; equal_height=&#8221;yes&#8221; gutter_size=&#8221;3&#8243; column_width_percent=&#8221;100&#8243; shift_y=&#8221;0&#8243; z_index=&#8221;0&#8243; changer_back_color=&#8221;yes&#8221; content_parallax=&#8221;0&#8243; uncode_shortcode_id=&#8221;451195&#8243; back_color_type=&#8221;uncode-palette&#8221;][vc_column column_width_percent=&#8221;100&#8243; gutter_size=&#8221;3&#8243; [&hellip;]","og_url":"https:\/\/www.karlforsbergphoto.com\/sv\/om\/","og_site_name":"Karl Forsberg Photography","article_modified_time":"2026-01-11T22:01:41+00:00","twitter_card":"summary_large_image","twitter_misc":{"Ber\u00e4knad l\u00e4stid":"2 minuter"},"schema":{"@context":"https:\/\/schema.org","@graph":[{"@type":"WebPage","@id":"https:\/\/www.karlforsbergphoto.com\/sv\/om\/","url":"https:\/\/www.karlforsbergphoto.com\/sv\/om\/","name":"Om - Karl Forsberg Photography","isPartOf":{"@id":"https:\/\/www.karlforsbergphoto.com\/sv\/#website"},"datePublished":"2025-02-08T16:41:19+00:00","dateModified":"2026-01-11T22:01:41+00:00","breadcrumb":{"@id":"https:\/\/www.karlforsbergphoto.com\/sv\/om\/#breadcrumb"},"inLanguage":"sv-SE","potentialAction":[{"@type":"ReadAction","target":["https:\/\/www.karlforsbergphoto.com\/sv\/om\/"]}]},{"@type":"BreadcrumbList","@id":"https:\/\/www.karlforsbergphoto.com\/sv\/om\/#breadcrumb","itemListElement":[{"@type":"ListItem","position":1,"name":"Home","item":"https:\/\/www.karlforsbergphoto.com\/sv\/start\/"},{"@type":"ListItem","position":2,"name":"Om"}]},{"@type":"WebSite","@id":"https:\/\/www.karlforsbergphoto.com\/sv\/#website","url":"https:\/\/www.karlforsbergphoto.com\/sv\/","name":"Karl Forsberg Photography","description":"Portr\u00e4tt-, f\u00f6retags- och lifestyle-fotograf","publisher":{"@id":"https:\/\/www.karlforsbergphoto.com\/sv\/#organization"},"potentialAction":[{"@type":"SearchAction","target":{"@type":"EntryPoint","urlTemplate":"https:\/\/www.karlforsbergphoto.com\/sv\/?s={search_term_string}"},"query-input":{"@type":"PropertyValueSpecification","valueRequired":true,"valueName":"search_term_string"}}],"inLanguage":"sv-SE"},{"@type":"Organization","@id":"https:\/\/www.karlforsbergphoto.com\/sv\/#organization","name":"Karl Forsberg Photography","url":"https:\/\/www.karlforsbergphoto.com\/sv\/","logo":{"@type":"ImageObject","inLanguage":"sv-SE","@id":"https:\/\/www.karlforsbergphoto.com\/sv\/#\/schema\/logo\/image\/","url":"https:\/\/www.karlforsberg.se\/wp-content\/uploads\/2025\/01\/web-app-manifest-512x512-1.png","contentUrl":"https:\/\/www.karlforsberg.se\/wp-content\/uploads\/2025\/01\/web-app-manifest-512x512-1.png","width":512,"height":512,"caption":"Karl Forsberg Photography"},"image":{"@id":"https:\/\/www.karlforsbergphoto.com\/sv\/#\/schema\/logo\/image\/"},"sameAs":["https:\/\/www.instagram.com\/karlforsberg\/"]}]}},"_links":{"self":[{"href":"https:\/\/www.karlforsbergphoto.com\/sv\/wp-json\/wp\/v2\/pages\/149495","targetHints":{"allow":["GET"]}}],"collection":[{"href":"https:\/\/www.karlforsbergphoto.com\/sv\/wp-json\/wp\/v2\/pages"}],"about":[{"href":"https:\/\/www.karlforsbergphoto.com\/sv\/wp-json\/wp\/v2\/types\/page"}],"author":[{"embeddable":true,"href":"https:\/\/www.karlforsbergphoto.com\/sv\/wp-json\/wp\/v2\/users\/1"}],"replies":[{"embeddable":true,"href":"https:\/\/www.karlforsbergphoto.com\/sv\/wp-json\/wp\/v2\/comments?post=149495"}],"version-history":[{"count":5,"href":"https:\/\/www.karlforsbergphoto.com\/sv\/wp-json\/wp\/v2\/pages\/149495\/revisions"}],"predecessor-version":[{"id":150223,"href":"https:\/\/www.karlforsbergphoto.com\/sv\/wp-json\/wp\/v2\/pages\/149495\/revisions\/150223"}],"wp:attachment":[{"href":"https:\/\/www.karlforsbergphoto.com\/sv\/wp-json\/wp\/v2\/media?parent=149495"}],"curies":[{"name":"wp","href":"https:\/\/api.w.org\/{rel}","templated":true}]}}