{"id":149676,"date":"2025-09-30T08:18:35","date_gmt":"2025-09-30T08:18:35","guid":{"rendered":"https:\/\/www.karlforsbergphoto.com\/?page_id=149676"},"modified":"2025-12-11T21:01:10","modified_gmt":"2025-12-11T21:01:10","slug":"start-2","status":"publish","type":"page","link":"https:\/\/www.karlforsbergphoto.com\/sv\/start-2\/","title":{"rendered":"Start"},"content":{"rendered":"<div class=\"wpb-content-wrapper\"><p>[vc_row row_height_percent=&#8221;0&#8243; override_padding=&#8221;yes&#8221; h_padding=&#8221;4&#8243; top_padding=&#8221;2&#8243; bottom_padding=&#8221;3&#8243; back_color=&#8221;color-xsdn&#8221; overlay_alpha=&#8221;50&#8243; gutter_size=&#8221;3&#8243; column_width_percent=&#8221;100&#8243; shift_y=&#8221;0&#8243; z_index=&#8221;0&#8243; content_parallax=&#8221;0&#8243; uncode_shortcode_id=&#8221;151698&#8243; back_color_type=&#8221;uncode-palette&#8221;][vc_column width=&#8221;5\/12&#8243;][vc_row_inner limit_content=&#8221;&#8221;][vc_column_inner column_width_percent=&#8221;100&#8243; gutter_size=&#8221;2&#8243; overlay_alpha=&#8221;50&#8243; shift_x=&#8221;0&#8243; shift_y=&#8221;0&#8243; shift_y_down=&#8221;0&#8243; z_index=&#8221;0&#8243; medium_width=&#8221;0&#8243; mobile_width=&#8221;0&#8243; width=&#8221;1\/1&#8243; uncode_shortcode_id=&#8221;411894&#8243;][vc_custom_heading text_color=&#8221;accent&#8221; heading_semantic=&#8221;h6&#8243; text_size=&#8221;h6&#8243; text_transform=&#8221;uppercase&#8221; text_space=&#8221;fontspace-205268&#8243; uncode_shortcode_id=&#8221;115427&#8243; text_color_type=&#8221;uncode-palette&#8221;]Karl Forsberg[\/vc_custom_heading][vc_custom_heading heading_semantic=&#8221;h1&#8243; text_weight=&#8221;400&#8243; text_height=&#8221;fontheight-153443&#8243; uncode_shortcode_id=&#8221;109681&#8243;]Portr\u00e4tt, event och f\u00f6retagsfotografering[\/vc_custom_heading][\/vc_column_inner][\/vc_row_inner][\/vc_column][vc_column width=&#8221;7\/12&#8243;][\/vc_column][\/vc_row][vc_row row_height_percent=&#8221;0&#8243; override_padding=&#8221;yes&#8221; h_padding=&#8221;0&#8243; top_padding=&#8221;1&#8243; bottom_padding=&#8221;1&#8243; back_color=&#8221;color-xsdn&#8221; overlay_alpha=&#8221;50&#8243; gutter_size=&#8221;3&#8243; column_width_percent=&#8221;100&#8243; shift_y=&#8221;0&#8243; z_index=&#8221;0&#8243; content_parallax=&#8221;0&#8243; uncode_shortcode_id=&#8221;930864&#8243; back_color_type=&#8221;uncode-palette&#8221; el_class=&#8221;demo-section demo-dark-background&#8221;][vc_column column_width_percent=&#8221;100&#8243; position_vertical=&#8221;bottom&#8221; gutter_size=&#8221;5&#8243; expand_height=&#8221;yes&#8221; style=&#8221;light&#8221; overlay_color=&#8221;color-wayh&#8221; overlay_alpha=&#8221;50&#8243; shift_x=&#8221;0&#8243; shift_y=&#8221;0&#8243; shift_y_down=&#8221;0&#8243; z_index=&#8221;0&#8243; medium_width=&#8221;0&#8243; mobile_width=&#8221;0&#8243; width=&#8221;1\/1&#8243; uncode_shortcode_id=&#8221;965861&#8243; overlay_color_type=&#8221;uncode-palette&#8221;][vc_gallery el_id=&#8221;gallery-9371154&#8243; type=&#8221;carousel&#8221; random=&#8221;yes&#8221; medias=&#8221;149090&#8243; explode_albums=&#8221;yes&#8221; gallery_back_color=&#8221;color-xsdn&#8221; carousel_lg=&#8221;1&#8243; carousel_md=&#8221;1&#8243; carousel_sm=&#8221;1&#8243; thumb_size=&#8221;sixteen-nine&#8221; gutter_size=&#8221;2&#8243; media_items=&#8221;media|lightbox|original&#8221; carousel_height=&#8221;equal&#8221; carousel_interval=&#8221;5000&#8243; carousel_navspeed=&#8221;700&#8243; carousel_loop=&#8221;yes&#8221; stage_padding=&#8221;0&#8243; single_overlay_color=&#8221;color-jevc&#8221; single_overlay_opacity=&#8221;25&#8243; single_text_visible=&#8221;yes&#8221; single_text_anim=&#8221;no&#8221; single_image_magnetic=&#8221;yes&#8221; single_h_align=&#8221;center&#8221; single_padding=&#8221;1&#8243; single_title_semantic=&#8221;h4&#8243; single_title_dimension=&#8221;custom&#8221; single_title_weight=&#8221;300&#8243; single_title_transform=&#8221;uppercase&#8221; single_title_space=&#8221;fontspace-119573&#8243; single_border=&#8221;yes&#8221; lbox_skin=&#8221;white&#8221; lbox_transparency=&#8221;opaque&#8221; lbox_full=&#8221;yes&#8221; lbox_counter=&#8221;yes&#8221; uncode_shortcode_id=&#8221;786418&#8243; heading_custom_size=&#8221;8px&#8221; gallery_back_color_type=&#8221;uncode-palette&#8221; single_link=&#8221;title:Portfolio&#8221;][uncode_carousel_nav skin=&#8221;dark&#8221; padding=&#8221;0&#8243; arrows_position=&#8221;el_absolute&#8221; arrows_v_align=&#8221;middle&#8221; arrows_padding=&#8221;1&#8243; arrow_style=&#8221;transparent&#8221; arrow_size=&#8221;fa-3x&#8221; arrows_hover=&#8221;yes&#8221; hide_dots=&#8221;yes&#8221; counter_position=&#8221;el_absolute&#8221; counter_h_align=&#8221;left&#8221; counter_padding=&#8221;1&#8243; hide_counter_total=&#8221;opacity&#8221; counter_digits=&#8221;yes&#8221; counter_visibility=&#8221;yes&#8221; counter_mobile_visibility=&#8221;yes&#8221; text_size=&#8221;fontsize-213428&#8243; uncode_shortcode_id=&#8221;173268&#8243;][\/vc_column][\/vc_row][vc_row row_height_percent=&#8221;0&#8243; override_padding=&#8221;yes&#8221; h_padding=&#8221;2&#8243; top_padding=&#8221;0&#8243; bottom_padding=&#8221;0&#8243; back_color=&#8221;color-xsdn&#8221; overlay_alpha=&#8221;50&#8243; gutter_size=&#8221;3&#8243; column_width_percent=&#8221;100&#8243; shift_y=&#8221;0&#8243; z_index=&#8221;0&#8243; content_parallax=&#8221;0&#8243; uncode_shortcode_id=&#8221;135198&#8243; css=&#8221;.vc_custom_1740439091309{margin-top: 20px !important;}&#8221; back_color_type=&#8221;uncode-palette&#8221;][vc_column column_width_percent=&#8221;100&#8243; position_horizontal=&#8221;right&#8221; align_horizontal=&#8221;align_right&#8221; gutter_size=&#8221;2&#8243; override_padding=&#8221;yes&#8221; column_padding=&#8221;0&#8243; overlay_alpha=&#8221;50&#8243; shift_x=&#8221;0&#8243; shift_y=&#8221;0&#8243; shift_y_down=&#8221;0&#8243; z_index=&#8221;0&#8243; medium_width=&#8221;0&#8243; mobile_width=&#8221;0&#8243; width=&#8221;1\/1&#8243; uncode_shortcode_id=&#8221;855842&#8243;][vc_button size=&#8221;btn-link&#8221; custom_typo=&#8221;yes&#8221; font_family=&#8221;font-555555&#8243; font_weight=&#8221;500&#8243; text_transform=&#8221;uppercase&#8221; link=&#8221;url:https%3A%2F%2Fwww.karlforsbergphoto.com%2Fsv%2Fjobb%2Fportfolio-sv%2F|title:Portfolio|&#8221; icon=&#8221;fa fa-th&#8221; uncode_shortcode_id=&#8221;185744&#8243;]Portfolio \u00f6versikt[\/vc_button][\/vc_column][\/vc_row][vc_row row_height_percent=&#8221;0&#8243; override_padding=&#8221;yes&#8221; h_padding=&#8221;3&#8243; top_padding=&#8221;2&#8243; bottom_padding=&#8221;2&#8243; back_color=&#8221;color-xsdn&#8221; overlay_alpha=&#8221;50&#8243; equal_height=&#8221;yes&#8221; gutter_size=&#8221;3&#8243; column_width_percent=&#8221;100&#8243; shift_y=&#8221;0&#8243; z_index=&#8221;0&#8243; content_parallax=&#8221;0&#8243; uncode_shortcode_id=&#8221;187176&#8243; back_color_type=&#8221;uncode-palette&#8221;][vc_column column_width_percent=&#8221;100&#8243; gutter_size=&#8221;3&#8243; overlay_alpha=&#8221;50&#8243; shift_x=&#8221;0&#8243; shift_y=&#8221;0&#8243; shift_y_down=&#8221;0&#8243; z_index=&#8221;0&#8243; medium_width=&#8221;0&#8243; mobile_width=&#8221;0&#8243; width=&#8221;1\/1&#8243; uncode_shortcode_id=&#8221;544463&#8243;][vc_row_inner row_inner_height_percent=&#8221;0&#8243; overlay_alpha=&#8221;50&#8243; gutter_size=&#8221;2&#8243; shift_y=&#8221;0&#8243; z_index=&#8221;0&#8243; limit_content=&#8221;&#8221; uncode_shortcode_id=&#8221;130227&#8243;][vc_column_inner column_width_percent=&#8221;100&#8243; position_horizontal=&#8221;left&#8221; gutter_size=&#8221;2&#8243; overlay_alpha=&#8221;50&#8243; shift_x=&#8221;0&#8243; shift_y=&#8221;0&#8243; shift_y_down=&#8221;0&#8243; z_index=&#8221;0&#8243; medium_width=&#8221;0&#8243; mobile_width=&#8221;0&#8243; width=&#8221;6\/12&#8243; uncode_shortcode_id=&#8221;739934&#8243;][vc_custom_heading text_color=&#8221;accent&#8221; heading_semantic=&#8221;h6&#8243; text_size=&#8221;h6&#8243; text_transform=&#8221;uppercase&#8221; text_space=&#8221;fontspace-205268&#8243; uncode_shortcode_id=&#8221;223203&#8243; text_color_type=&#8221;uncode-palette&#8221;]I korthet[\/vc_custom_heading][vc_column_text uncode_shortcode_id=&#8221;206736&#8243;]Jag arbetar f\u00f6r byr\u00e5er, f\u00f6retag och privatpersoner. Mina bilder f\u00f6rest\u00e4ller oftast m\u00e4nniskor. Jag g\u00f6r portr\u00e4tt och livsstilsbilder f\u00f6r f\u00f6retag. Ibland g\u00f6r jag \u00e4ven fotograferingar av sk\u00e5despelare, artister, modeller och modefotograferingar.[\/vc_column_text][\/vc_column_inner][vc_column_inner column_width_percent=&#8221;100&#8243; position_vertical=&#8221;middle&#8221; align_horizontal=&#8221;align_center&#8221; gutter_size=&#8221;3&#8243; overlay_alpha=&#8221;50&#8243; shift_x=&#8221;0&#8243; shift_y=&#8221;0&#8243; shift_y_down=&#8221;0&#8243; z_index=&#8221;0&#8243; medium_width=&#8221;0&#8243; mobile_width=&#8221;0&#8243; width=&#8221;3\/12&#8243; uncode_shortcode_id=&#8221;211657&#8243;][vc_custom_heading text_color=&#8221;accent&#8221; heading_semantic=&#8221;h6&#8243; text_size=&#8221;h6&#8243; text_transform=&#8221;uppercase&#8221; text_space=&#8221;fontspace-205268&#8243; uncode_shortcode_id=&#8221;666131&#8243; text_color_type=&#8221;uncode-palette&#8221;][\/vc_custom_heading][vc_button outline=&#8221;yes&#8221; custom_typo=&#8221;yes&#8221; font_family=&#8221;font-555555&#8243; font_weight=&#8221;500&#8243; text_transform=&#8221;uppercase&#8221; border_width=&#8221;0&#8243; link=&#8221;url:mailto%3Akarl%40karlforsbergphoto.com|&#8221; uncode_shortcode_id=&#8221;149564&#8243; icon=&#8221;fa fa-envelope-o&#8221;]Kontakta mig[\/vc_button][\/vc_column_inner][vc_column_inner column_width_percent=&#8221;100&#8243; position_vertical=&#8221;middle&#8221; gutter_size=&#8221;2&#8243; override_padding=&#8221;yes&#8221; column_padding=&#8221;1&#8243; overlay_alpha=&#8221;50&#8243; radius=&#8221;xs&#8221; shift_x=&#8221;0&#8243; shift_y=&#8221;0&#8243; shift_y_down=&#8221;0&#8243; z_index=&#8221;0&#8243; medium_width=&#8221;0&#8243; mobile_width=&#8221;0&#8243; width=&#8221;3\/12&#8243; uncode_shortcode_id=&#8221;196278&#8243;][\/vc_column_inner][\/vc_row_inner][\/vc_column][\/vc_row][vc_row][vc_column width=&#8221;1\/1&#8243;][vc_separator sep_color=&#8221;&#8221; uncode_shortcode_id=&#8221;179854&#8243;][\/vc_column][\/vc_row][vc_row row_height_percent=&#8221;0&#8243; override_padding=&#8221;yes&#8221; h_padding=&#8221;2&#8243; top_padding=&#8221;2&#8243; bottom_padding=&#8221;3&#8243; back_color=&#8221;color-xsdn&#8221; overlay_alpha=&#8221;50&#8243; gutter_size=&#8221;3&#8243; column_width_percent=&#8221;100&#8243; border_color=&#8221;color-gyho&#8221; border_style=&#8221;solid&#8221; shift_y=&#8221;0&#8243; z_index=&#8221;0&#8243; content_parallax=&#8221;0&#8243; css=&#8221;.vc_custom_1740181522012{border-top-width: 0px !important;}&#8221; uncode_shortcode_id=&#8221;129627&#8243; border_color_type=&#8221;uncode-palette&#8221; back_color_type=&#8221;uncode-palette&#8221;][vc_column column_width_percent=&#8221;100&#8243; align_horizontal=&#8221;align_center&#8221; gutter_size=&#8221;3&#8243; overlay_alpha=&#8221;50&#8243; shift_x=&#8221;0&#8243; shift_y=&#8221;0&#8243; shift_y_down=&#8221;0&#8243; z_index=&#8221;0&#8243; medium_width=&#8221;0&#8243; mobile_width=&#8221;0&#8243; width=&#8221;1\/1&#8243; uncode_shortcode_id=&#8221;627383&#8243;][vc_row_inner limit_content=&#8221;&#8221;][vc_column_inner column_width_percent=&#8221;100&#8243; position_vertical=&#8221;bottom&#8221; gutter_size=&#8221;3&#8243; overlay_alpha=&#8221;50&#8243; shift_x=&#8221;0&#8243; shift_y=&#8221;0&#8243; shift_y_down=&#8221;0&#8243; z_index=&#8221;0&#8243; medium_width=&#8221;0&#8243; mobile_width=&#8221;0&#8243; width=&#8221;2\/3&#8243; uncode_shortcode_id=&#8221;476525&#8243;][vc_custom_heading heading_semantic=&#8221;h3&#8243; text_size=&#8221;h3&#8243; uncode_shortcode_id=&#8221;596922&#8243;]Utvalda kundcase[\/vc_custom_heading][\/vc_column_inner][vc_column_inner column_width_percent=&#8221;100&#8243; position_vertical=&#8221;bottom&#8221; align_horizontal=&#8221;align_right&#8221; gutter_size=&#8221;3&#8243; overlay_alpha=&#8221;50&#8243; shift_x=&#8221;0&#8243; shift_y=&#8221;0&#8243; shift_y_down=&#8221;0&#8243; z_index=&#8221;0&#8243; medium_width=&#8221;0&#8243; mobile_width=&#8221;0&#8243; width=&#8221;1\/3&#8243; uncode_shortcode_id=&#8221;176646&#8243;][vc_button size=&#8221;btn-link&#8221; link=&#8221;url:https%3A%2F%2Fwww.karlforsbergphoto.com%2Fsv%2Fjobb%2Fkundcase%2F|title:Kundcase|&#8221; icon=&#8221;fa fa-th&#8221; uncode_shortcode_id=&#8221;862167&#8243;]Kundcase \u00f6versikt[\/vc_button][\/vc_column_inner][\/vc_row_inner][uncode_index el_id=&#8221;index-396293&#8243; index_type=&#8221;carousel&#8221; loop=&#8221;size:15|order_by:date|post_type:portfolio|taxonomy_count:10&#8243; auto_query=&#8221;yes&#8221; carousel_lg=&#8221;3&#8243; carousel_md=&#8221;2&#8243; carousel_sm=&#8221;1&#8243; thumb_size=&#8221;three-two&#8221; gutter_size=&#8221;3&#8243; post_items=&#8221;media|featured|onpost|original,title&#8221; portfolio_items=&#8221;media|featured|onpost|original,title,icon|sm&#8221; carousel_interval=&#8221;15000&#8243; carousel_navspeed=&#8221;400&#8243; carousel_loop=&#8221;yes&#8221; stage_padding=&#8221;0&#8243; single_overlay_color=&#8221;color-jevc&#8221; single_overlay_opacity=&#8221;25&#8243; single_text_anim=&#8221;no&#8221; single_image_magnetic=&#8221;yes&#8221; single_padding=&#8221;1&#8243; single_title_dimension=&#8221;h4&#8243; single_title_weight=&#8221;500&#8243; single_border=&#8221;yes&#8221; single_animation_first=&#8221;yes&#8221; uncode_shortcode_id=&#8221;152476&#8243; single_icon=&#8221;fa fa-plus2&#8243;][uncode_carousel_nav padding=&#8221;0&#8243; h_align=&#8221;center&#8221; hide_arrows=&#8221;yes&#8221; dots_look=&#8221;shadow&#8221; hide_counter=&#8221;yes&#8221; uncode_shortcode_id=&#8221;182467&#8243; target=&#8221;index-396293&#8243; dot_single_width=&#8221;12&#8243; dot_single_active=&#8221;14&#8243;][\/vc_column][\/vc_row]<\/p>\n<\/div>","protected":false},"excerpt":{"rendered":"<p>[vc_row row_height_percent=&#8221;0&#8243; override_padding=&#8221;yes&#8221; h_padding=&#8221;4&#8243; top_padding=&#8221;2&#8243; bottom_padding=&#8221;3&#8243; back_color=&#8221;color-xsdn&#8221; overlay_alpha=&#8221;50&#8243; gutter_size=&#8221;3&#8243; column_width_percent=&#8221;100&#8243; shift_y=&#8221;0&#8243; z_index=&#8221;0&#8243; content_parallax=&#8221;0&#8243; uncode_shortcode_id=&#8221;151698&#8243; back_color_type=&#8221;uncode-palette&#8221;][vc_column width=&#8221;5\/12&#8243;][vc_row_inner limit_content=&#8221;&#8221;][vc_column_inner column_width_percent=&#8221;100&#8243; gutter_size=&#8221;2&#8243; overlay_alpha=&#8221;50&#8243; [&hellip;]<\/p>\n","protected":false},"author":1,"featured_media":0,"parent":0,"menu_order":0,"comment_status":"closed","ping_status":"closed","template":"","meta":{"footnotes":""},"class_list":["post-149676","page","type-page","status-publish","hentry","page_category-start-sv"],"yoast_head":"<!-- This site is optimized with the Yoast SEO plugin v27.0 - https:\/\/yoast.com\/product\/yoast-seo-wordpress\/ -->\n<title>Karl Forsberg Photography<\/title>\n<meta name=\"description\" content=\"Fotograf av portr\u00e4tt, f\u00f6retags- och livsstilsbilder samt redaktionella bilder. Jag g\u00f6r ocks\u00e5 mode- och modellfotograferingar. Baserat i G\u00f6teborg, Sverige\" \/>\n<meta name=\"robots\" content=\"index, follow, max-snippet:-1, max-image-preview:large, max-video-preview:-1\" \/>\n<link rel=\"canonical\" href=\"https:\/\/www.karlforsbergphoto.com\/sv\/start-2\/\" \/>\n<meta property=\"og:locale\" content=\"sv_SE\" \/>\n<meta property=\"og:type\" content=\"article\" \/>\n<meta property=\"og:title\" content=\"Karl Forsberg Photography\" \/>\n<meta property=\"og:description\" content=\"Fotograf av portr\u00e4tt, f\u00f6retags- och livsstilsbilder samt redaktionella bilder. Jag g\u00f6r ocks\u00e5 mode- och modellfotograferingar. Baserat i G\u00f6teborg, Sverige\" \/>\n<meta property=\"og:url\" content=\"https:\/\/www.karlforsbergphoto.com\/sv\/start-2\/\" \/>\n<meta property=\"og:site_name\" content=\"Karl Forsberg Photography\" \/>\n<meta property=\"article:modified_time\" content=\"2025-12-11T21:01:10+00:00\" \/>\n<meta name=\"twitter:card\" content=\"summary_large_image\" \/>\n<meta name=\"twitter:label1\" content=\"Ber\u00e4knad l\u00e4stid\" \/>\n\t<meta name=\"twitter:data1\" content=\"2 minuter\" \/>\n<script type=\"application\/ld+json\" class=\"yoast-schema-graph\">{\"@context\":\"https:\/\/schema.org\",\"@graph\":[{\"@type\":\"WebPage\",\"@id\":\"https:\/\/www.karlforsbergphoto.com\/sv\/start-2\/\",\"url\":\"https:\/\/www.karlforsbergphoto.com\/sv\/start-2\/\",\"name\":\"Karl Forsberg Photography\",\"isPartOf\":{\"@id\":\"https:\/\/www.karlforsbergphoto.com\/sv\/#website\"},\"datePublished\":\"2025-09-30T08:18:35+00:00\",\"dateModified\":\"2025-12-11T21:01:10+00:00\",\"description\":\"Fotograf av portr\u00e4tt, f\u00f6retags- och livsstilsbilder samt redaktionella bilder. Jag g\u00f6r ocks\u00e5 mode- och modellfotograferingar. Baserat i G\u00f6teborg, Sverige\",\"breadcrumb\":{\"@id\":\"https:\/\/www.karlforsbergphoto.com\/sv\/start-2\/#breadcrumb\"},\"inLanguage\":\"sv-SE\",\"potentialAction\":[{\"@type\":\"ReadAction\",\"target\":[\"https:\/\/www.karlforsbergphoto.com\/sv\/start-2\/\"]}]},{\"@type\":\"BreadcrumbList\",\"@id\":\"https:\/\/www.karlforsbergphoto.com\/sv\/start-2\/#breadcrumb\",\"itemListElement\":[{\"@type\":\"ListItem\",\"position\":1,\"name\":\"Home\",\"item\":\"https:\/\/www.karlforsbergphoto.com\/sv\/start\/\"},{\"@type\":\"ListItem\",\"position\":2,\"name\":\"Start\"}]},{\"@type\":\"WebSite\",\"@id\":\"https:\/\/www.karlforsbergphoto.com\/sv\/#website\",\"url\":\"https:\/\/www.karlforsbergphoto.com\/sv\/\",\"name\":\"Karl Forsberg Photography\",\"description\":\"Portr\u00e4tt-, f\u00f6retags- och lifestyle-fotograf\",\"publisher\":{\"@id\":\"https:\/\/www.karlforsbergphoto.com\/sv\/#organization\"},\"potentialAction\":[{\"@type\":\"SearchAction\",\"target\":{\"@type\":\"EntryPoint\",\"urlTemplate\":\"https:\/\/www.karlforsbergphoto.com\/sv\/?s={search_term_string}\"},\"query-input\":{\"@type\":\"PropertyValueSpecification\",\"valueRequired\":true,\"valueName\":\"search_term_string\"}}],\"inLanguage\":\"sv-SE\"},{\"@type\":\"Organization\",\"@id\":\"https:\/\/www.karlforsbergphoto.com\/sv\/#organization\",\"name\":\"Karl Forsberg Photography\",\"url\":\"https:\/\/www.karlforsbergphoto.com\/sv\/\",\"logo\":{\"@type\":\"ImageObject\",\"inLanguage\":\"sv-SE\",\"@id\":\"https:\/\/www.karlforsbergphoto.com\/sv\/#\/schema\/logo\/image\/\",\"url\":\"https:\/\/www.karlforsberg.se\/wp-content\/uploads\/2025\/01\/web-app-manifest-512x512-1.png\",\"contentUrl\":\"https:\/\/www.karlforsberg.se\/wp-content\/uploads\/2025\/01\/web-app-manifest-512x512-1.png\",\"width\":512,\"height\":512,\"caption\":\"Karl Forsberg Photography\"},\"image\":{\"@id\":\"https:\/\/www.karlforsbergphoto.com\/sv\/#\/schema\/logo\/image\/\"},\"sameAs\":[\"https:\/\/www.instagram.com\/karlforsberg\/\"]}]}<\/script>\n<!-- \/ Yoast SEO plugin. -->","yoast_head_json":{"title":"Karl Forsberg Photography","description":"Fotograf av portr\u00e4tt, f\u00f6retags- och livsstilsbilder samt redaktionella bilder. Jag g\u00f6r ocks\u00e5 mode- och modellfotograferingar. Baserat i G\u00f6teborg, Sverige","robots":{"index":"index","follow":"follow","max-snippet":"max-snippet:-1","max-image-preview":"max-image-preview:large","max-video-preview":"max-video-preview:-1"},"canonical":"https:\/\/www.karlforsbergphoto.com\/sv\/start-2\/","og_locale":"sv_SE","og_type":"article","og_title":"Karl Forsberg Photography","og_description":"Fotograf av portr\u00e4tt, f\u00f6retags- och livsstilsbilder samt redaktionella bilder. Jag g\u00f6r ocks\u00e5 mode- och modellfotograferingar. Baserat i G\u00f6teborg, Sverige","og_url":"https:\/\/www.karlforsbergphoto.com\/sv\/start-2\/","og_site_name":"Karl Forsberg Photography","article_modified_time":"2025-12-11T21:01:10+00:00","twitter_card":"summary_large_image","twitter_misc":{"Ber\u00e4knad l\u00e4stid":"2 minuter"},"schema":{"@context":"https:\/\/schema.org","@graph":[{"@type":"WebPage","@id":"https:\/\/www.karlforsbergphoto.com\/sv\/start-2\/","url":"https:\/\/www.karlforsbergphoto.com\/sv\/start-2\/","name":"Karl Forsberg Photography","isPartOf":{"@id":"https:\/\/www.karlforsbergphoto.com\/sv\/#website"},"datePublished":"2025-09-30T08:18:35+00:00","dateModified":"2025-12-11T21:01:10+00:00","description":"Fotograf av portr\u00e4tt, f\u00f6retags- och livsstilsbilder samt redaktionella bilder. Jag g\u00f6r ocks\u00e5 mode- och modellfotograferingar. Baserat i G\u00f6teborg, Sverige","breadcrumb":{"@id":"https:\/\/www.karlforsbergphoto.com\/sv\/start-2\/#breadcrumb"},"inLanguage":"sv-SE","potentialAction":[{"@type":"ReadAction","target":["https:\/\/www.karlforsbergphoto.com\/sv\/start-2\/"]}]},{"@type":"BreadcrumbList","@id":"https:\/\/www.karlforsbergphoto.com\/sv\/start-2\/#breadcrumb","itemListElement":[{"@type":"ListItem","position":1,"name":"Home","item":"https:\/\/www.karlforsbergphoto.com\/sv\/start\/"},{"@type":"ListItem","position":2,"name":"Start"}]},{"@type":"WebSite","@id":"https:\/\/www.karlforsbergphoto.com\/sv\/#website","url":"https:\/\/www.karlforsbergphoto.com\/sv\/","name":"Karl Forsberg Photography","description":"Portr\u00e4tt-, f\u00f6retags- och lifestyle-fotograf","publisher":{"@id":"https:\/\/www.karlforsbergphoto.com\/sv\/#organization"},"potentialAction":[{"@type":"SearchAction","target":{"@type":"EntryPoint","urlTemplate":"https:\/\/www.karlforsbergphoto.com\/sv\/?s={search_term_string}"},"query-input":{"@type":"PropertyValueSpecification","valueRequired":true,"valueName":"search_term_string"}}],"inLanguage":"sv-SE"},{"@type":"Organization","@id":"https:\/\/www.karlforsbergphoto.com\/sv\/#organization","name":"Karl Forsberg Photography","url":"https:\/\/www.karlforsbergphoto.com\/sv\/","logo":{"@type":"ImageObject","inLanguage":"sv-SE","@id":"https:\/\/www.karlforsbergphoto.com\/sv\/#\/schema\/logo\/image\/","url":"https:\/\/www.karlforsberg.se\/wp-content\/uploads\/2025\/01\/web-app-manifest-512x512-1.png","contentUrl":"https:\/\/www.karlforsberg.se\/wp-content\/uploads\/2025\/01\/web-app-manifest-512x512-1.png","width":512,"height":512,"caption":"Karl Forsberg Photography"},"image":{"@id":"https:\/\/www.karlforsbergphoto.com\/sv\/#\/schema\/logo\/image\/"},"sameAs":["https:\/\/www.instagram.com\/karlforsberg\/"]}]}},"_links":{"self":[{"href":"https:\/\/www.karlforsbergphoto.com\/sv\/wp-json\/wp\/v2\/pages\/149676","targetHints":{"allow":["GET"]}}],"collection":[{"href":"https:\/\/www.karlforsbergphoto.com\/sv\/wp-json\/wp\/v2\/pages"}],"about":[{"href":"https:\/\/www.karlforsbergphoto.com\/sv\/wp-json\/wp\/v2\/types\/page"}],"author":[{"embeddable":true,"href":"https:\/\/www.karlforsbergphoto.com\/sv\/wp-json\/wp\/v2\/users\/1"}],"replies":[{"embeddable":true,"href":"https:\/\/www.karlforsbergphoto.com\/sv\/wp-json\/wp\/v2\/comments?post=149676"}],"version-history":[{"count":4,"href":"https:\/\/www.karlforsbergphoto.com\/sv\/wp-json\/wp\/v2\/pages\/149676\/revisions"}],"predecessor-version":[{"id":150091,"href":"https:\/\/www.karlforsbergphoto.com\/sv\/wp-json\/wp\/v2\/pages\/149676\/revisions\/150091"}],"wp:attachment":[{"href":"https:\/\/www.karlforsbergphoto.com\/sv\/wp-json\/wp\/v2\/media?parent=149676"}],"curies":[{"name":"wp","href":"https:\/\/api.w.org\/{rel}","templated":true}]}}