{"id":150172,"date":"2025-12-12T10:13:42","date_gmt":"2025-12-12T10:13:42","guid":{"rendered":"https:\/\/www.karlforsbergphoto.com\/in-the-company-of-chance\/"},"modified":"2025-12-22T08:02:07","modified_gmt":"2025-12-22T08:02:07","slug":"in-the-company-of-chance","status":"publish","type":"page","link":"https:\/\/www.karlforsbergphoto.com\/sv\/in-the-company-of-chance\/","title":{"rendered":"In the Company of Chance"},"content":{"rendered":"<div class=\"wpb-content-wrapper\"><p>[vc_row row_height_percent=&#8221;0&#8243; override_padding=&#8221;yes&#8221; h_padding=&#8221;2&#8243; top_padding=&#8221;4&#8243; bottom_padding=&#8221;4&#8243; back_color=&#8221;color-xsdn&#8221; overlay_alpha=&#8221;50&#8243; gutter_size=&#8221;4&#8243; column_width_percent=&#8221;100&#8243; shift_y=&#8221;0&#8243; z_index=&#8221;0&#8243; uncode_shortcode_id=&#8221;242356&#8243; back_color_type=&#8221;uncode-palette&#8221; el_class=&#8221;normalise-top-padding-mobile&#8221;][vc_column column_width_percent=&#8221;100&#8243; gutter_size=&#8221;3&#8243; override_padding=&#8221;yes&#8221; column_padding=&#8221;0&#8243; overlay_alpha=&#8221;50&#8243; shift_x=&#8221;0&#8243; shift_y=&#8221;0&#8243; shift_y_down=&#8221;0&#8243; z_index=&#8221;0&#8243; medium_width=&#8221;0&#8243; mobile_width=&#8221;0&#8243; width=&#8221;7\/12&#8243;][vc_gallery el_id=&#8221;gallery-178153&#8243; type=&#8221;carousel&#8221; medias=&#8221;150055&#8243; explode_albums=&#8221;yes&#8221; carousel_lg=&#8221;1&#8243; carousel_md=&#8221;1&#8243; carousel_sm=&#8221;1&#8243; gutter_size=&#8221;2&#8243; carousel_interval=&#8221;3000&#8243; carousel_navspeed=&#8221;700&#8243; carousel_loop=&#8221;yes&#8221; stage_padding=&#8221;0&#8243; single_overlay_opacity=&#8221;50&#8243; single_padding=&#8221;2&#8243; uncode_shortcode_id=&#8221;142255&#8243; items=&#8221;eyIxNTAwMjFfaSI6eyJzaW5nbGVfdGV4dCI6Im92ZXJsYXkifX0=&#8221;][\/vc_column][vc_column column_width_percent=&#8221;100&#8243; gutter_size=&#8221;2&#8243; overlay_alpha=&#8221;50&#8243; shift_x=&#8221;0&#8243; shift_y=&#8221;0&#8243; shift_y_down=&#8221;0&#8243; z_index=&#8221;0&#8243; medium_width=&#8221;0&#8243; mobile_width=&#8221;0&#8243; sticky=&#8221;yes&#8221; width=&#8221;5\/12&#8243; uncode_shortcode_id=&#8221;315354&#8243;][vc_custom_heading text_color=&#8221;accent&#8221; heading_semantic=&#8221;h5&#8243; text_size=&#8221;fontsize-213428&#8243; text_transform=&#8221;uppercase&#8221; text_space=&#8221;fontspace-119573&#8243; uncode_shortcode_id=&#8221;162885&#8243; text_color_type=&#8221;uncode-palette&#8221;]En ny fotobok av Karl Forsberg[\/vc_custom_heading][vc_row_inner limit_content=&#8221;&#8221;][vc_column_inner column_width_percent=&#8221;100&#8243; gutter_size=&#8221;2&#8243; overlay_alpha=&#8221;50&#8243; shift_x=&#8221;0&#8243; shift_y=&#8221;0&#8243; shift_y_down=&#8221;0&#8243; z_index=&#8221;0&#8243; medium_width=&#8221;5&#8243; mobile_width=&#8221;0&#8243; width=&#8221;1\/1&#8243; uncode_shortcode_id=&#8221;839507&#8243;][vc_custom_heading auto_text=&#8221;yes&#8221; heading_semantic=&#8221;h1&#8243; text_size=&#8221;h1&#8243; uncode_shortcode_id=&#8221;644777&#8243;]This is a custom heading element.[\/vc_custom_heading][\/vc_column_inner][\/vc_row_inner][vc_empty_space empty_h=&#8221;3&#8243;][vc_custom_heading heading_semantic=&#8221;h6&#8243; text_size=&#8221;h4&#8243; uncode_shortcode_id=&#8221;138026&#8243;]Tre st\u00e4der, tv\u00e5 veckor, ett konstn\u00e4rligt projekt[\/vc_custom_heading][vc_separator sep_color=&#8221;,Default&#8221;][uncode_list larger=&#8221;small&#8221; icon=&#8221;fa fa-circle-check&#8221; uncode_shortcode_id=&#8221;124930&#8243;]<\/p>\n<ul>\n<li>Gatufotografi med en poetisk och eftert\u00e4nksam ton.<\/li>\n<li>Fotograferad 2025 i London, Krak\u00f3w och Bologna.<\/li>\n<li>En ber\u00e4ttelse om en konstn\u00e4rlig resa och process.<\/li>\n<li>Inbunden fotobok med 55 stora fotografier.<\/li>\n<li>Begr\u00e4nsad upplaga, offsettryckt p\u00e5 premium-papper.<\/li>\n<\/ul>\n<div><\/div>\n<p>[\/uncode_list][vc_empty_space empty_h=&#8221;2&#8243;][vc_row_inner][vc_column_inner column_width_percent=&#8221;100&#8243; gutter_size=&#8221;2&#8243; overlay_alpha=&#8221;50&#8243; shift_x=&#8221;0&#8243; shift_y=&#8221;0&#8243; shift_y_down=&#8221;0&#8243; z_index=&#8221;0&#8243; medium_width=&#8221;0&#8243; mobile_width=&#8221;0&#8243; width=&#8221;2\/3&#8243; uncode_shortcode_id=&#8221;118688&#8243;][vc_custom_heading uncode_shortcode_id=&#8221;146730&#8243;]SEK 375[\/vc_custom_heading][vc_custom_heading heading_semantic=&#8221;h5&#8243; text_size=&#8221;h5&#8243; uncode_shortcode_id=&#8221;452411&#8243;]<span style=\"color: #000000;\">Pris (inkl moms och fri frakt)<\/span>[\/vc_custom_heading][vc_column_text text_lead=&#8221;small&#8221; uncode_shortcode_id=&#8221;168510&#8243;]Obs: F\u00f6r n\u00e4rvarande s\u00e4ljer och levererar jag endast inom Sverige.[\/vc_column_text][\/vc_column_inner][vc_column_inner column_width_percent=&#8221;100&#8243; gutter_size=&#8221;1&#8243; overlay_alpha=&#8221;50&#8243; shift_x=&#8221;0&#8243; shift_y=&#8221;0&#8243; shift_y_down=&#8221;0&#8243; z_index=&#8221;0&#8243; medium_width=&#8221;0&#8243; mobile_width=&#8221;0&#8243; width=&#8221;1\/3&#8243; uncode_shortcode_id=&#8221;924763&#8243;][vc_single_image media=&#8221;150167&#8243; media_width_percent=&#8221;100&#8243; uncode_shortcode_id=&#8221;333240&#8243;][\/vc_column_inner][\/vc_row_inner][\/vc_column][\/vc_row][vc_row row_height_percent=&#8221;0&#8243; override_padding=&#8221;yes&#8221; h_padding=&#8221;2&#8243; top_padding=&#8221;0&#8243; bottom_padding=&#8221;3&#8243; back_color=&#8221;color-xsdn&#8221; overlay_alpha=&#8221;50&#8243; gutter_size=&#8221;3&#8243; column_width_percent=&#8221;100&#8243; shift_y=&#8221;0&#8243; z_index=&#8221;0&#8243; uncode_shortcode_id=&#8221;339266&#8243; back_color_type=&#8221;uncode-palette&#8221;][vc_column column_width_use_pixel=&#8221;yes&#8221; gutter_size=&#8221;2&#8243; overlay_alpha=&#8221;50&#8243; shift_x=&#8221;0&#8243; shift_y=&#8221;0&#8243; shift_y_down=&#8221;0&#8243; z_index=&#8221;0&#8243; medium_width=&#8221;0&#8243; mobile_width=&#8221;0&#8243; width=&#8221;1\/1&#8243; uncode_shortcode_id=&#8221;348789&#8243;][vc_tabs tab_scrolling=&#8221;yes&#8221; typography=&#8221;yes&#8221; border_100=&#8221;yes&#8221; product_from_builder=&#8221;yes&#8221;][vc_tab gutter_size=&#8221;2&#8243; column_padding=&#8221;3&#8243; title=&#8221;Beskriving&#8221; tab_id=&#8221;641bd3a-2cd0&#8243; product_from_builder=&#8221;yes&#8221;][vc_column_text uncode_shortcode_id=&#8221;164515&#8243;]I S\u00e4llskap med slumpen \u00e4r en fotobok om att sakta observera i en snabb v\u00e4rld. Fotografen Karl Forsberg har genom en dedikerad konstn\u00e4rlig resa f\u00e5ngat bilder som p\u00e5minner om gatufotografi men med en d\u00e4mpad, poetisk ton. Fotografierna har en eftert\u00e4nksam kvalitet som skiljer dem fr\u00e5n den snabba konsumtionen av digitala bilder, och de kompletteras av korta, personliga texter.[\/vc_column_text][vc_column_text uncode_shortcode_id=&#8221;700378&#8243;]Boken \u00e4r kulmen p\u00e5 mitt personliga projekt att utveckla min metod och mitt visuella uttryck. Under tv\u00e5 veckor bes\u00f6kte jag Krak\u00f3w, Bologna och London i tur och ordning. Resan genomf\u00f6rdes utan n\u00e5gon plan; jag reste, vandrade och fotograferade \u2013 i s\u00e4llskap med slumpen.  <\/p>\n<p>Resultatet erbjuder l\u00e4saren en blandning av \u00e5terh\u00e5llsamma gatufoton och estetiska dokument\u00e4rbilder, som visar b\u00e5de vardagsliv och ov\u00e4ntade \u00f6gonblick. Tillsammans med korta, personliga noteringar f\u00f6r varje bild f\u00f6rmedlar fotografierna ett subjektivt intryck av st\u00e4derna och deras urbana liv. I f\u00f6rordet diskuterar han ocks\u00e5 sin motivation och det konstn\u00e4rliga projekt som utg\u00f6r materialet f\u00f6r boken.[\/vc_column_text][\/vc_tab][vc_tab gutter_size=&#8221;2&#8243; column_padding=&#8221;3&#8243; title=&#8221;Produktinformation&#8221; tab_id=&#8221;4641bd3a-2cd0&#8243; product_from_builder=&#8221;yes&#8221;][vc_row_inner limit_content=&#8221;&#8221;][vc_column_inner column_width_use_pixel=&#8221;yes&#8221; gutter_size=&#8221;3&#8243; overlay_alpha=&#8221;50&#8243; shift_x=&#8221;0&#8243; shift_y=&#8221;0&#8243; shift_y_down=&#8221;0&#8243; z_index=&#8221;0&#8243; medium_width=&#8221;0&#8243; mobile_width=&#8221;0&#8243; width=&#8221;1\/1&#8243; uncode_shortcode_id=&#8221;106164&#8243; column_width_pixel=&#8221;800&#8243;][vc_column_text uncode_shortcode_id=&#8221;163137&#8243;]<\/p>\n<ul>\n<li>Inbunden bok, 303&#215;216 mm (omslag), 297&#215;210 mm (inlaga)<\/li>\n<li>Fotografier och text: Karl Forsberg<\/li>\n<li>Grafisk design och s\u00e4ttning: Karl Forsberg<\/li>\n<li>Teckensnitt: Halyard Text<\/li>\n<li>Papper: Arctic Volume White 170 gsm<\/li>\n<li>Publiserad av: Eidos f\u00f6rlag \u2013 www.eidos.se<\/li>\n<li>Tryckt i Lettland 2025<\/li>\n<li>F\u00f6rsta upplagan, 500 exemplar, 96 sidor, 55 fotografier<\/li>\n<li>ISBN 978-9-19906-350-8<\/li>\n<\/ul>\n<hr>\n<p>Copyright 2025, Karl Forsberg<\/p>\n<p>Alla r\u00e4ttigheter f\u00f6rbeh\u00e5lls.<\/p>\n<p>Ingen del av denna publikation f\u00e5r reproduceras, lagras i ett s\u00f6ksystem eller \u00f6verf\u00f6ras i n\u00e5gon form eller p\u00e5 n\u00e5got s\u00e4tt \u2014 elektroniskt, mekaniskt, genom fotokopiering, inspelning eller annat \u2014 utan f\u00f6reg\u00e5ende skriftligt tillst\u00e5nd fr\u00e5n upphovsr\u00e4ttsinnehavaren.[\/vc_column_text][\/vc_column_inner][\/vc_row_inner][\/vc_tab][vc_tab gutter_size=&#8221;2&#8243; column_padding=&#8221;3&#8243; title=&#8221;Frakt &amp; Returer&#8221; tab_id=&#8221;5874641bd3a-2cd0&#8243; product_from_builder=&#8221;yes&#8221;][vc_custom_heading heading_semantic=&#8221;h3&#8243; text_size=&#8221;h4&#8243; uncode_shortcode_id=&#8221;202989&#8243;]Frakt[\/vc_custom_heading][vc_column_text uncode_shortcode_id=&#8221;174786&#8243;]Best\u00e4llningar hanteras normalt inom tv\u00e5 arbetsdagar. Detta g\u00e4ller exklusive l\u00f6rdag, s\u00f6ndag och r\u00f6da dagar. Leverans inom Sverige \u00e4r kostnadsfri och tar vanligtvis 2-3 arbetsdagar.  <\/p>\n<p>F\u00f6r leverans till andra l\u00e4nder, v\u00e4nligen mejla mig: karl@karlforsbergphoto.com[\/vc_column_text][vc_empty_space empty_h=&#8221;1&#8243;][vc_custom_heading heading_semantic=&#8221;h3&#8243; text_size=&#8221;h4&#8243; uncode_shortcode_id=&#8221;148574&#8243;]Returer[\/vc_custom_heading][vc_column_text uncode_shortcode_id=&#8221;177243&#8243;]Du har 14 dagar, r\u00e4knat fr\u00e5n dagen efter att du best\u00e4llde boken, att avbest\u00e4lla ditt k\u00f6p.<\/p>\n<p>Du m\u00e5ste skicka ett tydligt meddelande till s\u00e4ljaren att du \u00e5ngrar k\u00f6pet inom dessa 14 dagar.<\/p>\n<p>Vi \u00e5terbetala hela beloppet inom 14 dagar efter att vi f\u00e5tt tillbaka boken. Boken f\u00e5r inte visa tecken p\u00e5 att vara anv\u00e4nd. <\/p>\n<p>Du st\u00e5r sj\u00e4lv f\u00f6r kostnaden f\u00f6r att skicka tillbaka boken.[\/vc_column_text][\/vc_tab][vc_tab gutter_size=&#8221;2&#8243; column_padding=&#8221;2&#8243; title=&#8221;F\u00f6rfattarpresentation&#8221; tab_id=&#8221;1765483533591-4-3&#8243; product_from_builder=&#8221;yes&#8221;][vc_column_text text_lead=&#8221;yes&#8221; uncode_shortcode_id=&#8221;196438&#8243;]<strong>Karl Forsberg<\/strong><\/p>\n<p>(f. 1961) \u00e4r en svensk fotograf baserad i Pixbo (G\u00f6teborg), Sverige.<\/p>\n<p>Karlas arbete balanserar mellan dokumentation, estetik och ber\u00e4ttande. Genom gatufotografi och portr\u00e4tt utforskar han stadens m\u00e5ngfald, dess visuella spr\u00e5k och de ov\u00e4ntade m\u00f6ten som uppst\u00e5r i den urbana milj\u00f6n. <\/p>\n<p>Hans process b\u00f6rjar med en stad som v\u00e4cker hans nyfikenhet. Han vandrar dess gator utan ett fast plan, l\u00e5ter en k\u00e4nsla, f\u00f6rundran eller ett litet hint av en ber\u00e4ttelse styra hans steg och blick. Hans fotografistil \u00e4r instinktiv och omfamnar slumpen.  <\/p>\n<p>Motiven han s\u00f6ker \u00e4r visuellt sl\u00e5ende, f\u00e4ngslande och inneh\u00e5ller fragment av n\u00e5got st\u00f6rre. Hans urvalsprocess \u00e4r medveten och genomt\u00e4nkt, och genom bildbehandling f\u00f6rfinar han varje fotografis essens och ger den en personlig ton. <\/p>\n<p>Hans f\u00f6rsta bok \u2014 I s\u00e4llskap med slumpen \u2014 \u00e4r kulmen p\u00e5 ett personligt projekt att f\u00f6rfina sin metod och sitt visuella uttryck. N\u00e4r han r\u00f6r sig genom Krak\u00f3w, Bologna och London bjuds l\u00e4saren in p\u00e5 en resa d\u00e4r Karls fotografiska lins avsl\u00f6jar vardagliga \u00f6gonblick och subtila detaljer, vilka tillsammans f\u00f6rmedlar ett subjektivt intryck av st\u00e4derna.[\/vc_column_text][\/vc_tab][\/vc_tabs][\/vc_column][\/vc_row]<\/p>\n<\/div>","protected":false},"excerpt":{"rendered":"<p>[vc_row row_height_percent=&#8221;0&#8243; override_padding=&#8221;yes&#8221; h_padding=&#8221;2&#8243; top_padding=&#8221;4&#8243; bottom_padding=&#8221;4&#8243; back_color=&#8221;color-xsdn&#8221; overlay_alpha=&#8221;50&#8243; gutter_size=&#8221;4&#8243; column_width_percent=&#8221;100&#8243; shift_y=&#8221;0&#8243; z_index=&#8221;0&#8243; uncode_shortcode_id=&#8221;242356&#8243; back_color_type=&#8221;uncode-palette&#8221; el_class=&#8221;normalise-top-padding-mobile&#8221;][vc_column column_width_percent=&#8221;100&#8243; gutter_size=&#8221;3&#8243; override_padding=&#8221;yes&#8221; column_padding=&#8221;0&#8243; overlay_alpha=&#8221;50&#8243; [&hellip;]<\/p>\n","protected":false},"author":1,"featured_media":149960,"parent":0,"menu_order":0,"comment_status":"closed","ping_status":"closed","template":"","meta":{"footnotes":""},"class_list":["post-150172","page","type-page","status-publish","has-post-thumbnail","hentry","page_category-personligt","page_category-shop"],"yoast_head":"<!-- This site is optimized with the Yoast SEO plugin v27.0 - https:\/\/yoast.com\/product\/yoast-seo-wordpress\/ -->\n<title>In the Company of Chance - Karl Forsberg Photography<\/title>\n<meta name=\"robots\" content=\"index, follow, max-snippet:-1, max-image-preview:large, max-video-preview:-1\" \/>\n<link rel=\"canonical\" href=\"https:\/\/www.karlforsbergphoto.com\/sv\/in-the-company-of-chance\/\" \/>\n<meta property=\"og:locale\" content=\"sv_SE\" \/>\n<meta property=\"og:type\" content=\"article\" \/>\n<meta property=\"og:title\" content=\"In the Company of Chance - Karl Forsberg Photography\" \/>\n<meta property=\"og:description\" content=\"[vc_row row_height_percent=&#8221;0&#8243; override_padding=&#8221;yes&#8221; h_padding=&#8221;2&#8243; top_padding=&#8221;4&#8243; bottom_padding=&#8221;4&#8243; back_color=&#8221;color-xsdn&#8221; overlay_alpha=&#8221;50&#8243; gutter_size=&#8221;4&#8243; column_width_percent=&#8221;100&#8243; shift_y=&#8221;0&#8243; z_index=&#8221;0&#8243; uncode_shortcode_id=&#8221;242356&#8243; back_color_type=&#8221;uncode-palette&#8221; el_class=&#8221;normalise-top-padding-mobile&#8221;][vc_column column_width_percent=&#8221;100&#8243; gutter_size=&#8221;3&#8243; override_padding=&#8221;yes&#8221; column_padding=&#8221;0&#8243; overlay_alpha=&#8221;50&#8243; [&hellip;]\" \/>\n<meta property=\"og:url\" content=\"https:\/\/www.karlforsbergphoto.com\/sv\/in-the-company-of-chance\/\" \/>\n<meta property=\"og:site_name\" content=\"Karl Forsberg Photography\" \/>\n<meta property=\"article:modified_time\" content=\"2025-12-22T08:02:07+00:00\" \/>\n<meta property=\"og:image\" content=\"https:\/\/www.karlforsbergphoto.com\/wp-content\/uploads\/2025\/12\/20251210-bokbilder-1150651.jpg\" \/>\n\t<meta property=\"og:image:width\" content=\"2160\" \/>\n\t<meta property=\"og:image:height\" content=\"2160\" \/>\n\t<meta property=\"og:image:type\" content=\"image\/jpeg\" \/>\n<meta name=\"twitter:card\" content=\"summary_large_image\" \/>\n<meta name=\"twitter:label1\" content=\"Ber\u00e4knad l\u00e4stid\" \/>\n\t<meta name=\"twitter:data1\" content=\"7 minuter\" \/>\n<script type=\"application\/ld+json\" class=\"yoast-schema-graph\">{\"@context\":\"https:\/\/schema.org\",\"@graph\":[{\"@type\":\"WebPage\",\"@id\":\"https:\/\/www.karlforsbergphoto.com\/sv\/in-the-company-of-chance\/\",\"url\":\"https:\/\/www.karlforsbergphoto.com\/sv\/in-the-company-of-chance\/\",\"name\":\"In the Company of Chance - Karl Forsberg Photography\",\"isPartOf\":{\"@id\":\"https:\/\/www.karlforsbergphoto.com\/sv\/#website\"},\"primaryImageOfPage\":{\"@id\":\"https:\/\/www.karlforsbergphoto.com\/sv\/in-the-company-of-chance\/#primaryimage\"},\"image\":{\"@id\":\"https:\/\/www.karlforsbergphoto.com\/sv\/in-the-company-of-chance\/#primaryimage\"},\"thumbnailUrl\":\"https:\/\/www.karlforsbergphoto.com\/wp-content\/uploads\/2025\/12\/20251210-bokbilder-1150651.jpg\",\"datePublished\":\"2025-12-12T10:13:42+00:00\",\"dateModified\":\"2025-12-22T08:02:07+00:00\",\"breadcrumb\":{\"@id\":\"https:\/\/www.karlforsbergphoto.com\/sv\/in-the-company-of-chance\/#breadcrumb\"},\"inLanguage\":\"sv-SE\",\"potentialAction\":[{\"@type\":\"ReadAction\",\"target\":[\"https:\/\/www.karlforsbergphoto.com\/sv\/in-the-company-of-chance\/\"]}]},{\"@type\":\"ImageObject\",\"inLanguage\":\"sv-SE\",\"@id\":\"https:\/\/www.karlforsbergphoto.com\/sv\/in-the-company-of-chance\/#primaryimage\",\"url\":\"https:\/\/www.karlforsbergphoto.com\/wp-content\/uploads\/2025\/12\/20251210-bokbilder-1150651.jpg\",\"contentUrl\":\"https:\/\/www.karlforsbergphoto.com\/wp-content\/uploads\/2025\/12\/20251210-bokbilder-1150651.jpg\",\"width\":2160,\"height\":2160},{\"@type\":\"BreadcrumbList\",\"@id\":\"https:\/\/www.karlforsbergphoto.com\/sv\/in-the-company-of-chance\/#breadcrumb\",\"itemListElement\":[{\"@type\":\"ListItem\",\"position\":1,\"name\":\"Home\",\"item\":\"https:\/\/www.karlforsbergphoto.com\/sv\/start\/\"},{\"@type\":\"ListItem\",\"position\":2,\"name\":\"In the Company of Chance\"}]},{\"@type\":\"WebSite\",\"@id\":\"https:\/\/www.karlforsbergphoto.com\/sv\/#website\",\"url\":\"https:\/\/www.karlforsbergphoto.com\/sv\/\",\"name\":\"Karl Forsberg Photography\",\"description\":\"Portr\u00e4tt-, f\u00f6retags- och lifestyle-fotograf\",\"publisher\":{\"@id\":\"https:\/\/www.karlforsbergphoto.com\/sv\/#organization\"},\"potentialAction\":[{\"@type\":\"SearchAction\",\"target\":{\"@type\":\"EntryPoint\",\"urlTemplate\":\"https:\/\/www.karlforsbergphoto.com\/sv\/?s={search_term_string}\"},\"query-input\":{\"@type\":\"PropertyValueSpecification\",\"valueRequired\":true,\"valueName\":\"search_term_string\"}}],\"inLanguage\":\"sv-SE\"},{\"@type\":\"Organization\",\"@id\":\"https:\/\/www.karlforsbergphoto.com\/sv\/#organization\",\"name\":\"Karl Forsberg Photography\",\"url\":\"https:\/\/www.karlforsbergphoto.com\/sv\/\",\"logo\":{\"@type\":\"ImageObject\",\"inLanguage\":\"sv-SE\",\"@id\":\"https:\/\/www.karlforsbergphoto.com\/sv\/#\/schema\/logo\/image\/\",\"url\":\"https:\/\/www.karlforsberg.se\/wp-content\/uploads\/2025\/01\/web-app-manifest-512x512-1.png\",\"contentUrl\":\"https:\/\/www.karlforsberg.se\/wp-content\/uploads\/2025\/01\/web-app-manifest-512x512-1.png\",\"width\":512,\"height\":512,\"caption\":\"Karl Forsberg Photography\"},\"image\":{\"@id\":\"https:\/\/www.karlforsbergphoto.com\/sv\/#\/schema\/logo\/image\/\"},\"sameAs\":[\"https:\/\/www.instagram.com\/karlforsberg\/\"]}]}<\/script>\n<!-- \/ Yoast SEO plugin. -->","yoast_head_json":{"title":"In the Company of Chance - Karl Forsberg Photography","robots":{"index":"index","follow":"follow","max-snippet":"max-snippet:-1","max-image-preview":"max-image-preview:large","max-video-preview":"max-video-preview:-1"},"canonical":"https:\/\/www.karlforsbergphoto.com\/sv\/in-the-company-of-chance\/","og_locale":"sv_SE","og_type":"article","og_title":"In the Company of Chance - Karl Forsberg Photography","og_description":"[vc_row row_height_percent=&#8221;0&#8243; override_padding=&#8221;yes&#8221; h_padding=&#8221;2&#8243; top_padding=&#8221;4&#8243; bottom_padding=&#8221;4&#8243; back_color=&#8221;color-xsdn&#8221; overlay_alpha=&#8221;50&#8243; gutter_size=&#8221;4&#8243; column_width_percent=&#8221;100&#8243; shift_y=&#8221;0&#8243; z_index=&#8221;0&#8243; uncode_shortcode_id=&#8221;242356&#8243; back_color_type=&#8221;uncode-palette&#8221; el_class=&#8221;normalise-top-padding-mobile&#8221;][vc_column column_width_percent=&#8221;100&#8243; gutter_size=&#8221;3&#8243; override_padding=&#8221;yes&#8221; column_padding=&#8221;0&#8243; overlay_alpha=&#8221;50&#8243; [&hellip;]","og_url":"https:\/\/www.karlforsbergphoto.com\/sv\/in-the-company-of-chance\/","og_site_name":"Karl Forsberg Photography","article_modified_time":"2025-12-22T08:02:07+00:00","og_image":[{"width":2160,"height":2160,"url":"https:\/\/www.karlforsbergphoto.com\/wp-content\/uploads\/2025\/12\/20251210-bokbilder-1150651.jpg","type":"image\/jpeg"}],"twitter_card":"summary_large_image","twitter_misc":{"Ber\u00e4knad l\u00e4stid":"7 minuter"},"schema":{"@context":"https:\/\/schema.org","@graph":[{"@type":"WebPage","@id":"https:\/\/www.karlforsbergphoto.com\/sv\/in-the-company-of-chance\/","url":"https:\/\/www.karlforsbergphoto.com\/sv\/in-the-company-of-chance\/","name":"In the Company of Chance - Karl Forsberg Photography","isPartOf":{"@id":"https:\/\/www.karlforsbergphoto.com\/sv\/#website"},"primaryImageOfPage":{"@id":"https:\/\/www.karlforsbergphoto.com\/sv\/in-the-company-of-chance\/#primaryimage"},"image":{"@id":"https:\/\/www.karlforsbergphoto.com\/sv\/in-the-company-of-chance\/#primaryimage"},"thumbnailUrl":"https:\/\/www.karlforsbergphoto.com\/wp-content\/uploads\/2025\/12\/20251210-bokbilder-1150651.jpg","datePublished":"2025-12-12T10:13:42+00:00","dateModified":"2025-12-22T08:02:07+00:00","breadcrumb":{"@id":"https:\/\/www.karlforsbergphoto.com\/sv\/in-the-company-of-chance\/#breadcrumb"},"inLanguage":"sv-SE","potentialAction":[{"@type":"ReadAction","target":["https:\/\/www.karlforsbergphoto.com\/sv\/in-the-company-of-chance\/"]}]},{"@type":"ImageObject","inLanguage":"sv-SE","@id":"https:\/\/www.karlforsbergphoto.com\/sv\/in-the-company-of-chance\/#primaryimage","url":"https:\/\/www.karlforsbergphoto.com\/wp-content\/uploads\/2025\/12\/20251210-bokbilder-1150651.jpg","contentUrl":"https:\/\/www.karlforsbergphoto.com\/wp-content\/uploads\/2025\/12\/20251210-bokbilder-1150651.jpg","width":2160,"height":2160},{"@type":"BreadcrumbList","@id":"https:\/\/www.karlforsbergphoto.com\/sv\/in-the-company-of-chance\/#breadcrumb","itemListElement":[{"@type":"ListItem","position":1,"name":"Home","item":"https:\/\/www.karlforsbergphoto.com\/sv\/start\/"},{"@type":"ListItem","position":2,"name":"In the Company of Chance"}]},{"@type":"WebSite","@id":"https:\/\/www.karlforsbergphoto.com\/sv\/#website","url":"https:\/\/www.karlforsbergphoto.com\/sv\/","name":"Karl Forsberg Photography","description":"Portr\u00e4tt-, f\u00f6retags- och lifestyle-fotograf","publisher":{"@id":"https:\/\/www.karlforsbergphoto.com\/sv\/#organization"},"potentialAction":[{"@type":"SearchAction","target":{"@type":"EntryPoint","urlTemplate":"https:\/\/www.karlforsbergphoto.com\/sv\/?s={search_term_string}"},"query-input":{"@type":"PropertyValueSpecification","valueRequired":true,"valueName":"search_term_string"}}],"inLanguage":"sv-SE"},{"@type":"Organization","@id":"https:\/\/www.karlforsbergphoto.com\/sv\/#organization","name":"Karl Forsberg Photography","url":"https:\/\/www.karlforsbergphoto.com\/sv\/","logo":{"@type":"ImageObject","inLanguage":"sv-SE","@id":"https:\/\/www.karlforsbergphoto.com\/sv\/#\/schema\/logo\/image\/","url":"https:\/\/www.karlforsberg.se\/wp-content\/uploads\/2025\/01\/web-app-manifest-512x512-1.png","contentUrl":"https:\/\/www.karlforsberg.se\/wp-content\/uploads\/2025\/01\/web-app-manifest-512x512-1.png","width":512,"height":512,"caption":"Karl Forsberg Photography"},"image":{"@id":"https:\/\/www.karlforsbergphoto.com\/sv\/#\/schema\/logo\/image\/"},"sameAs":["https:\/\/www.instagram.com\/karlforsberg\/"]}]}},"_links":{"self":[{"href":"https:\/\/www.karlforsbergphoto.com\/sv\/wp-json\/wp\/v2\/pages\/150172","targetHints":{"allow":["GET"]}}],"collection":[{"href":"https:\/\/www.karlforsbergphoto.com\/sv\/wp-json\/wp\/v2\/pages"}],"about":[{"href":"https:\/\/www.karlforsbergphoto.com\/sv\/wp-json\/wp\/v2\/types\/page"}],"author":[{"embeddable":true,"href":"https:\/\/www.karlforsbergphoto.com\/sv\/wp-json\/wp\/v2\/users\/1"}],"replies":[{"embeddable":true,"href":"https:\/\/www.karlforsbergphoto.com\/sv\/wp-json\/wp\/v2\/comments?post=150172"}],"version-history":[{"count":6,"href":"https:\/\/www.karlforsbergphoto.com\/sv\/wp-json\/wp\/v2\/pages\/150172\/revisions"}],"predecessor-version":[{"id":150208,"href":"https:\/\/www.karlforsbergphoto.com\/sv\/wp-json\/wp\/v2\/pages\/150172\/revisions\/150208"}],"wp:featuredmedia":[{"embeddable":true,"href":"https:\/\/www.karlforsbergphoto.com\/sv\/wp-json\/wp\/v2\/media\/149960"}],"wp:attachment":[{"href":"https:\/\/www.karlforsbergphoto.com\/sv\/wp-json\/wp\/v2\/media?parent=150172"}],"curies":[{"name":"wp","href":"https:\/\/api.w.org\/{rel}","templated":true}]}}