{"id":149438,"date":"2025-01-27T22:10:08","date_gmt":"2025-01-27T22:10:08","guid":{"rendered":"https:\/\/www.karlforsbergphoto.com\/portfolio\/bakom-kulisserna-video-och-stillbilder-for-adapt\/"},"modified":"2025-03-24T11:16:32","modified_gmt":"2025-03-24T11:16:32","slug":"bakom-kulisserna-video-och-stillbilder-for-adapt","status":"publish","type":"portfolio","link":"https:\/\/www.karlforsbergphoto.com\/sv\/portfolio\/bakom-kulisserna-video-och-stillbilder-for-adapt\/","title":{"rendered":"Bakom kulisserna video och stillbilder f\u00f6r Adapt"},"content":{"rendered":"<div class=\"wpb-content-wrapper\"><p>[vc_row row_height_percent=&#8221;0&#8243; override_padding=&#8221;yes&#8221; h_padding=&#8221;3&#8243; top_padding=&#8221;2&#8243; bottom_padding=&#8221;2&#8243; overlay_alpha=&#8221;50&#8243; gutter_size=&#8221;4&#8243; column_width_percent=&#8221;100&#8243; shift_y=&#8221;0&#8243; z_index=&#8221;0&#8243; content_parallax=&#8221;0&#8243; uncode_shortcode_id=&#8221;354478&#8243;][vc_column column_width_percent=&#8221;100&#8243; gutter_size=&#8221;2&#8243; overlay_alpha=&#8221;50&#8243; shift_x=&#8221;0&#8243; shift_y=&#8221;0&#8243; shift_y_down=&#8221;0&#8243; z_index=&#8221;0&#8243; medium_width=&#8221;0&#8243; mobile_width=&#8221;0&#8243; width=&#8221;1\/1&#8243;][vc_custom_heading text_color=&#8221;accent&#8221; heading_semantic=&#8221;h6&#8243; text_size=&#8221;h6&#8243; text_transform=&#8221;uppercase&#8221; text_space=&#8221;fontspace-205268&#8243; uncode_shortcode_id=&#8221;196785&#8243; text_color_type=&#8221;uncode-palette&#8221;]Kundcase[\/vc_custom_heading][vc_row_inner row_inner_height_percent=&#8221;0&#8243; overlay_alpha=&#8221;50&#8243; gutter_size=&#8221;3&#8243; shift_y=&#8221;0&#8243; z_index=&#8221;0&#8243; uncode_shortcode_id=&#8221;180655&#8243; el_class=&#8221;demo-section demo-dark-background&#8221;][vc_column_inner column_width_percent=&#8221;100&#8243; gutter_size=&#8221;2&#8243; overlay_alpha=&#8221;50&#8243; shift_x=&#8221;0&#8243; shift_y=&#8221;0&#8243; shift_y_down=&#8221;0&#8243; z_index=&#8221;0&#8243; medium_width=&#8221;0&#8243; mobile_width=&#8221;0&#8243; width=&#8221;5\/12&#8243;][vc_custom_heading heading_semantic=&#8221;h3&#8243; uncode_shortcode_id=&#8221;157222&#8243;]Bakom kulisserna video och stillbilder f\u00f6r Adapt[\/vc_custom_heading][vc_empty_space empty_h=&#8221;2&#8243; desktop_visibility=&#8221;yes&#8221;][\/vc_column_inner][vc_column_inner column_width_percent=&#8221;100&#8243; gutter_size=&#8221;3&#8243; overlay_alpha=&#8221;50&#8243; shift_x=&#8221;0&#8243; shift_y=&#8221;0&#8243; shift_y_down=&#8221;0&#8243; z_index=&#8221;0&#8243; medium_visibility=&#8221;yes&#8221; medium_width=&#8221;0&#8243; mobile_visibility=&#8221;yes&#8221; mobile_width=&#8221;0&#8243; width=&#8221;1\/12&#8243;][\/vc_column_inner][vc_column_inner column_width_percent=&#8221;100&#8243; gutter_size=&#8221;3&#8243; overlay_alpha=&#8221;50&#8243; shift_x=&#8221;0&#8243; shift_y=&#8221;0&#8243; shift_y_down=&#8221;0&#8243; z_index=&#8221;0&#8243; medium_width=&#8221;0&#8243; mobile_visibility=&#8221;yes&#8221; mobile_width=&#8221;0&#8243; width=&#8221;6\/12&#8243; uncode_shortcode_id=&#8221;275522&#8243;][vc_column_text text_lead=&#8221;small&#8221; uncode_shortcode_id=&#8221;142481&#8243;]Adapt tillhandah\u00e5ller audiovisuella l\u00f6sningar f\u00f6r fysiska m\u00f6ten, evenemang, m\u00e4ssor och utst\u00e4llningar, fr\u00e4mst i Sverige men \u00e4ven i Asien, USA, Europa och Skandinavien.<\/p>\n<p>Adapt anlitade mig f\u00f6r att ta bilder och filma bakom kulisserna vid studioevenemang, s\u00e4rskilt hybridevenemang, som inneb\u00e4r direkts\u00e4ndningar med en liten publik i studion.<\/p>\n<p>Mina bilder och filmer (i videor som jag inte redigerade) finns med i utvalda kundfallstudier p\u00e5 <a href=\"https:\/\/adapt.se\/en\/inspiration\/icore-summit-2022\/\">Adapts webbplats<\/a>.[\/vc_column_text][\/vc_column_inner][\/vc_row_inner][\/vc_column][\/vc_row][vc_row unlock_row_content=&#8221;yes&#8221; row_height_percent=&#8221;0&#8243; override_padding=&#8221;yes&#8221; h_padding=&#8221;3&#8243; top_padding=&#8221;2&#8243; bottom_padding=&#8221;2&#8243; back_color=&#8221;color-xsdn&#8221; overlay_alpha=&#8221;50&#8243; gutter_size=&#8221;3&#8243; column_width_percent=&#8221;100&#8243; shift_y=&#8221;0&#8243; z_index=&#8221;0&#8243; content_parallax=&#8221;0&#8243; uncode_shortcode_id=&#8221;653123&#8243; back_color_type=&#8221;uncode-palette&#8221; el_class=&#8221;demo-section demo-dark-background&#8221;][vc_column column_width_percent=&#8221;100&#8243; align_horizontal=&#8221;align_center&#8221; gutter_size=&#8221;4&#8243; style=&#8221;dark&#8221; overlay_alpha=&#8221;50&#8243; shift_x=&#8221;0&#8243; shift_y=&#8221;0&#8243; shift_y_down=&#8221;0&#8243; z_index=&#8221;0&#8243; medium_width=&#8221;0&#8243; mobile_width=&#8221;0&#8243; width=&#8221;1\/1&#8243; uncode_shortcode_id=&#8221;147172&#8243;][vc_gallery el_id=&#8221;gallery-244817&#8243; medias=&#8221;145806&#8243; explode_albums=&#8221;yes&#8221; gutter_size=&#8221;3&#8243; media_items=&#8221;media|lightbox|original,icon,title&#8221; screen_lg=&#8221;1000&#8243; screen_md=&#8221;600&#8243; screen_sm=&#8221;480&#8243; single_width=&#8221;6&#8243; single_style=&#8221;dark&#8221; single_overlay_opacity=&#8221;26&#8243; single_image_magnetic=&#8221;yes&#8221; single_padding=&#8221;2&#8243; single_title_semantic=&#8221;h5&#8243; lbox_skin=&#8221;white&#8221; lbox_transparency=&#8221;opaque&#8221; lbox_full=&#8221;yes&#8221; lbox_counter=&#8221;yes&#8221; uncode_shortcode_id=&#8221;172514&#8243;][\/vc_column][\/vc_row]<\/p>\n<\/div>","protected":false},"excerpt":{"rendered":"<p>Adapt<\/p>\n","protected":false},"author":1,"featured_media":145822,"parent":0,"menu_order":0,"comment_status":"closed","ping_status":"closed","template":"","meta":{"footnotes":""},"portfolio_category":[218],"class_list":["post-149438","portfolio","type-portfolio","status-publish","has-post-thumbnail","hentry","portfolio_category-foretag"],"yoast_head":"<!-- This site is optimized with the Yoast SEO plugin v27.0 - https:\/\/yoast.com\/product\/yoast-seo-wordpress\/ -->\n<title>Bakom kulisserna video och stillbilder f\u00f6r Adapt - Karl Forsberg Photography<\/title>\n<meta name=\"description\" content=\"Kundcase: Adapt anlitade mig f\u00f6r att ta bilder och filma bakom kulisserna vid hybridevenemang med direkts\u00e4ndning och studiopublik.\" \/>\n<meta name=\"robots\" content=\"index, follow, max-snippet:-1, max-image-preview:large, max-video-preview:-1\" \/>\n<link rel=\"canonical\" href=\"https:\/\/www.karlforsbergphoto.com\/sv\/portfolio\/bakom-kulisserna-video-och-stillbilder-for-adapt\/\" \/>\n<meta property=\"og:locale\" content=\"sv_SE\" \/>\n<meta property=\"og:type\" content=\"article\" \/>\n<meta property=\"og:title\" content=\"Bakom kulisserna video och stillbilder f\u00f6r Adapt - Karl Forsberg Photography\" \/>\n<meta property=\"og:description\" content=\"Kundcase: Adapt anlitade mig f\u00f6r att ta bilder och filma bakom kulisserna vid hybridevenemang med direkts\u00e4ndning och studiopublik.\" \/>\n<meta property=\"og:url\" content=\"https:\/\/www.karlforsbergphoto.com\/sv\/portfolio\/bakom-kulisserna-video-och-stillbilder-for-adapt\/\" \/>\n<meta property=\"og:site_name\" content=\"Karl Forsberg Photography\" \/>\n<meta property=\"article:modified_time\" content=\"2025-03-24T11:16:32+00:00\" \/>\n<meta property=\"og:image\" content=\"https:\/\/www.karlforsbergphoto.com\/wp-content\/uploads\/2024\/12\/adapt-3520.webp\" \/>\n\t<meta property=\"og:image:width\" content=\"2000\" \/>\n\t<meta property=\"og:image:height\" content=\"1333\" \/>\n\t<meta property=\"og:image:type\" content=\"image\/webp\" \/>\n<meta name=\"twitter:card\" content=\"summary_large_image\" \/>\n<meta name=\"twitter:label1\" content=\"Ber\u00e4knad l\u00e4stid\" \/>\n\t<meta name=\"twitter:data1\" content=\"2 minuter\" \/>\n<script type=\"application\/ld+json\" class=\"yoast-schema-graph\">{\"@context\":\"https:\/\/schema.org\",\"@graph\":[{\"@type\":\"WebPage\",\"@id\":\"https:\/\/www.karlforsbergphoto.com\/sv\/portfolio\/bakom-kulisserna-video-och-stillbilder-for-adapt\/\",\"url\":\"https:\/\/www.karlforsbergphoto.com\/sv\/portfolio\/bakom-kulisserna-video-och-stillbilder-for-adapt\/\",\"name\":\"Bakom kulisserna video och stillbilder f\u00f6r Adapt - Karl Forsberg Photography\",\"isPartOf\":{\"@id\":\"https:\/\/www.karlforsbergphoto.com\/sv\/#website\"},\"primaryImageOfPage\":{\"@id\":\"https:\/\/www.karlforsbergphoto.com\/sv\/portfolio\/bakom-kulisserna-video-och-stillbilder-for-adapt\/#primaryimage\"},\"image\":{\"@id\":\"https:\/\/www.karlforsbergphoto.com\/sv\/portfolio\/bakom-kulisserna-video-och-stillbilder-for-adapt\/#primaryimage\"},\"thumbnailUrl\":\"https:\/\/www.karlforsbergphoto.com\/wp-content\/uploads\/2024\/12\/adapt-3520.webp\",\"datePublished\":\"2025-01-27T22:10:08+00:00\",\"dateModified\":\"2025-03-24T11:16:32+00:00\",\"description\":\"Kundcase: Adapt anlitade mig f\u00f6r att ta bilder och filma bakom kulisserna vid hybridevenemang med direkts\u00e4ndning och studiopublik.\",\"breadcrumb\":{\"@id\":\"https:\/\/www.karlforsbergphoto.com\/sv\/portfolio\/bakom-kulisserna-video-och-stillbilder-for-adapt\/#breadcrumb\"},\"inLanguage\":\"sv-SE\",\"potentialAction\":[{\"@type\":\"ReadAction\",\"target\":[\"https:\/\/www.karlforsbergphoto.com\/sv\/portfolio\/bakom-kulisserna-video-och-stillbilder-for-adapt\/\"]}]},{\"@type\":\"ImageObject\",\"inLanguage\":\"sv-SE\",\"@id\":\"https:\/\/www.karlforsbergphoto.com\/sv\/portfolio\/bakom-kulisserna-video-och-stillbilder-for-adapt\/#primaryimage\",\"url\":\"https:\/\/www.karlforsbergphoto.com\/wp-content\/uploads\/2024\/12\/adapt-3520.webp\",\"contentUrl\":\"https:\/\/www.karlforsbergphoto.com\/wp-content\/uploads\/2024\/12\/adapt-3520.webp\",\"width\":2000,\"height\":1333},{\"@type\":\"BreadcrumbList\",\"@id\":\"https:\/\/www.karlforsbergphoto.com\/sv\/portfolio\/bakom-kulisserna-video-och-stillbilder-for-adapt\/#breadcrumb\",\"itemListElement\":[{\"@type\":\"ListItem\",\"position\":1,\"name\":\"Home\",\"item\":\"https:\/\/www.karlforsbergphoto.com\/sv\/start\/\"},{\"@type\":\"ListItem\",\"position\":2,\"name\":\"Portfolio\",\"item\":\"https:\/\/www.karlforsbergphoto.com\/sv\/portfolio\/\"},{\"@type\":\"ListItem\",\"position\":3,\"name\":\"Bakom kulisserna video och stillbilder f\u00f6r Adapt\"}]},{\"@type\":\"WebSite\",\"@id\":\"https:\/\/www.karlforsbergphoto.com\/sv\/#website\",\"url\":\"https:\/\/www.karlforsbergphoto.com\/sv\/\",\"name\":\"Karl Forsberg Photography\",\"description\":\"Portr\u00e4tt-, f\u00f6retags- och lifestyle-fotograf\",\"publisher\":{\"@id\":\"https:\/\/www.karlforsbergphoto.com\/sv\/#organization\"},\"potentialAction\":[{\"@type\":\"SearchAction\",\"target\":{\"@type\":\"EntryPoint\",\"urlTemplate\":\"https:\/\/www.karlforsbergphoto.com\/sv\/?s={search_term_string}\"},\"query-input\":{\"@type\":\"PropertyValueSpecification\",\"valueRequired\":true,\"valueName\":\"search_term_string\"}}],\"inLanguage\":\"sv-SE\"},{\"@type\":\"Organization\",\"@id\":\"https:\/\/www.karlforsbergphoto.com\/sv\/#organization\",\"name\":\"Karl Forsberg Photography\",\"url\":\"https:\/\/www.karlforsbergphoto.com\/sv\/\",\"logo\":{\"@type\":\"ImageObject\",\"inLanguage\":\"sv-SE\",\"@id\":\"https:\/\/www.karlforsbergphoto.com\/sv\/#\/schema\/logo\/image\/\",\"url\":\"https:\/\/www.karlforsberg.se\/wp-content\/uploads\/2025\/01\/web-app-manifest-512x512-1.png\",\"contentUrl\":\"https:\/\/www.karlforsberg.se\/wp-content\/uploads\/2025\/01\/web-app-manifest-512x512-1.png\",\"width\":512,\"height\":512,\"caption\":\"Karl Forsberg Photography\"},\"image\":{\"@id\":\"https:\/\/www.karlforsbergphoto.com\/sv\/#\/schema\/logo\/image\/\"},\"sameAs\":[\"https:\/\/www.instagram.com\/karlforsberg\/\"]}]}<\/script>\n<!-- \/ Yoast SEO plugin. -->","yoast_head_json":{"title":"Bakom kulisserna video och stillbilder f\u00f6r Adapt - Karl Forsberg Photography","description":"Kundcase: Adapt anlitade mig f\u00f6r att ta bilder och filma bakom kulisserna vid hybridevenemang med direkts\u00e4ndning och studiopublik.","robots":{"index":"index","follow":"follow","max-snippet":"max-snippet:-1","max-image-preview":"max-image-preview:large","max-video-preview":"max-video-preview:-1"},"canonical":"https:\/\/www.karlforsbergphoto.com\/sv\/portfolio\/bakom-kulisserna-video-och-stillbilder-for-adapt\/","og_locale":"sv_SE","og_type":"article","og_title":"Bakom kulisserna video och stillbilder f\u00f6r Adapt - Karl Forsberg Photography","og_description":"Kundcase: Adapt anlitade mig f\u00f6r att ta bilder och filma bakom kulisserna vid hybridevenemang med direkts\u00e4ndning och studiopublik.","og_url":"https:\/\/www.karlforsbergphoto.com\/sv\/portfolio\/bakom-kulisserna-video-och-stillbilder-for-adapt\/","og_site_name":"Karl Forsberg Photography","article_modified_time":"2025-03-24T11:16:32+00:00","og_image":[{"width":2000,"height":1333,"url":"https:\/\/www.karlforsbergphoto.com\/wp-content\/uploads\/2024\/12\/adapt-3520.webp","type":"image\/webp"}],"twitter_card":"summary_large_image","twitter_misc":{"Ber\u00e4knad l\u00e4stid":"2 minuter"},"schema":{"@context":"https:\/\/schema.org","@graph":[{"@type":"WebPage","@id":"https:\/\/www.karlforsbergphoto.com\/sv\/portfolio\/bakom-kulisserna-video-och-stillbilder-for-adapt\/","url":"https:\/\/www.karlforsbergphoto.com\/sv\/portfolio\/bakom-kulisserna-video-och-stillbilder-for-adapt\/","name":"Bakom kulisserna video och stillbilder f\u00f6r Adapt - Karl Forsberg Photography","isPartOf":{"@id":"https:\/\/www.karlforsbergphoto.com\/sv\/#website"},"primaryImageOfPage":{"@id":"https:\/\/www.karlforsbergphoto.com\/sv\/portfolio\/bakom-kulisserna-video-och-stillbilder-for-adapt\/#primaryimage"},"image":{"@id":"https:\/\/www.karlforsbergphoto.com\/sv\/portfolio\/bakom-kulisserna-video-och-stillbilder-for-adapt\/#primaryimage"},"thumbnailUrl":"https:\/\/www.karlforsbergphoto.com\/wp-content\/uploads\/2024\/12\/adapt-3520.webp","datePublished":"2025-01-27T22:10:08+00:00","dateModified":"2025-03-24T11:16:32+00:00","description":"Kundcase: Adapt anlitade mig f\u00f6r att ta bilder och filma bakom kulisserna vid hybridevenemang med direkts\u00e4ndning och studiopublik.","breadcrumb":{"@id":"https:\/\/www.karlforsbergphoto.com\/sv\/portfolio\/bakom-kulisserna-video-och-stillbilder-for-adapt\/#breadcrumb"},"inLanguage":"sv-SE","potentialAction":[{"@type":"ReadAction","target":["https:\/\/www.karlforsbergphoto.com\/sv\/portfolio\/bakom-kulisserna-video-och-stillbilder-for-adapt\/"]}]},{"@type":"ImageObject","inLanguage":"sv-SE","@id":"https:\/\/www.karlforsbergphoto.com\/sv\/portfolio\/bakom-kulisserna-video-och-stillbilder-for-adapt\/#primaryimage","url":"https:\/\/www.karlforsbergphoto.com\/wp-content\/uploads\/2024\/12\/adapt-3520.webp","contentUrl":"https:\/\/www.karlforsbergphoto.com\/wp-content\/uploads\/2024\/12\/adapt-3520.webp","width":2000,"height":1333},{"@type":"BreadcrumbList","@id":"https:\/\/www.karlforsbergphoto.com\/sv\/portfolio\/bakom-kulisserna-video-och-stillbilder-for-adapt\/#breadcrumb","itemListElement":[{"@type":"ListItem","position":1,"name":"Home","item":"https:\/\/www.karlforsbergphoto.com\/sv\/start\/"},{"@type":"ListItem","position":2,"name":"Portfolio","item":"https:\/\/www.karlforsbergphoto.com\/sv\/portfolio\/"},{"@type":"ListItem","position":3,"name":"Bakom kulisserna video och stillbilder f\u00f6r Adapt"}]},{"@type":"WebSite","@id":"https:\/\/www.karlforsbergphoto.com\/sv\/#website","url":"https:\/\/www.karlforsbergphoto.com\/sv\/","name":"Karl Forsberg Photography","description":"Portr\u00e4tt-, f\u00f6retags- och lifestyle-fotograf","publisher":{"@id":"https:\/\/www.karlforsbergphoto.com\/sv\/#organization"},"potentialAction":[{"@type":"SearchAction","target":{"@type":"EntryPoint","urlTemplate":"https:\/\/www.karlforsbergphoto.com\/sv\/?s={search_term_string}"},"query-input":{"@type":"PropertyValueSpecification","valueRequired":true,"valueName":"search_term_string"}}],"inLanguage":"sv-SE"},{"@type":"Organization","@id":"https:\/\/www.karlforsbergphoto.com\/sv\/#organization","name":"Karl Forsberg Photography","url":"https:\/\/www.karlforsbergphoto.com\/sv\/","logo":{"@type":"ImageObject","inLanguage":"sv-SE","@id":"https:\/\/www.karlforsbergphoto.com\/sv\/#\/schema\/logo\/image\/","url":"https:\/\/www.karlforsberg.se\/wp-content\/uploads\/2025\/01\/web-app-manifest-512x512-1.png","contentUrl":"https:\/\/www.karlforsberg.se\/wp-content\/uploads\/2025\/01\/web-app-manifest-512x512-1.png","width":512,"height":512,"caption":"Karl Forsberg Photography"},"image":{"@id":"https:\/\/www.karlforsbergphoto.com\/sv\/#\/schema\/logo\/image\/"},"sameAs":["https:\/\/www.instagram.com\/karlforsberg\/"]}]}},"_links":{"self":[{"href":"https:\/\/www.karlforsbergphoto.com\/sv\/wp-json\/wp\/v2\/portfolio\/149438","targetHints":{"allow":["GET"]}}],"collection":[{"href":"https:\/\/www.karlforsbergphoto.com\/sv\/wp-json\/wp\/v2\/portfolio"}],"about":[{"href":"https:\/\/www.karlforsbergphoto.com\/sv\/wp-json\/wp\/v2\/types\/portfolio"}],"author":[{"embeddable":true,"href":"https:\/\/www.karlforsbergphoto.com\/sv\/wp-json\/wp\/v2\/users\/1"}],"replies":[{"embeddable":true,"href":"https:\/\/www.karlforsbergphoto.com\/sv\/wp-json\/wp\/v2\/comments?post=149438"}],"version-history":[{"count":5,"href":"https:\/\/www.karlforsbergphoto.com\/sv\/wp-json\/wp\/v2\/portfolio\/149438\/revisions"}],"predecessor-version":[{"id":149443,"href":"https:\/\/www.karlforsbergphoto.com\/sv\/wp-json\/wp\/v2\/portfolio\/149438\/revisions\/149443"}],"wp:featuredmedia":[{"embeddable":true,"href":"https:\/\/www.karlforsbergphoto.com\/sv\/wp-json\/wp\/v2\/media\/145822"}],"wp:attachment":[{"href":"https:\/\/www.karlforsbergphoto.com\/sv\/wp-json\/wp\/v2\/media?parent=149438"}],"wp:term":[{"taxonomy":"portfolio_category","embeddable":true,"href":"https:\/\/www.karlforsbergphoto.com\/sv\/wp-json\/wp\/v2\/portfolio_category?post=149438"}],"curies":[{"name":"wp","href":"https:\/\/api.w.org\/{rel}","templated":true}]}}